{"id":412099,"date":"2021-02-12T08:55:09","date_gmt":"2021-02-12T07:55:09","guid":{"rendered":"https:\/\/www.bednar.com\/striegel-pro-pe\/"},"modified":"2025-10-02T11:21:45","modified_gmt":"2025-10-02T09:21:45","slug":"striegel-pro-pe","status":"publish","type":"produkt","link":"https:\/\/www.bednar.com\/hu\/striegel-pro-pe\/","title":{"rendered":"STRIEGEL-PRO PE Sz\u00e9les sz\u00e1rrendez\u0151"},"excerpt":{"rendered":"<p>Sz\u00e9les sz\u00e1rrendez\u0151 12 m\u00e9teres munkasz\u00e9less\u00e9ggel n\u00f6v\u00e9nyi maradv\u00e1nyok kezel\u00e9s\u00e9hez, valamint k\u00f6nny\u0171 talajm\u0171vel\u00e9shez.<\/p>\n","protected":false},"featured_media":405321,"template":"","class_list":["post-412099","produkt","type-produkt","status-publish","has-post-thumbnail","hentry"],"acf":{"pozadovana_pracovni_operace":["rozprostreni-poskliznovych-zbytku","provzdusneni-trvalych-travnich-porostu"],"pozadovana_hloubka_zpracovani_pudy_min":"4","pozadovana_hloubka_zpracovani_pudy_min_imperial":"","pozadovana_hloubka_zpracovani_pudy_imperial_min":"","pozadovana_hloubka_zpracovani_pudy_max":"","pozadovana_hloubka_zpracovani_pudy_max_imperial":"","pozadovana_hloubka_zpracovani_pudy_imperial_max":"","pozadovana_hloubka_zpracovani_pudy_hide":false,"pozadovany_pracovni_zaber_min":"12","pozadovany_pracovni_zaber_min_imperial":"","pozadovany_pracovni_zaber_imperial_min":"","pozadovany_pracovni_zaber_max":"","pozadovany_pracovni_zaber_max_imperial":"","pozadovany_pracovni_zaber_imperial_max":"","pozadovany_pracovni_zaber_hide":false,"vykon_tazneho_prostredku_min":"230","vykon_tazneho_prostredku_max":"350","vykon_tazneho_prostredku_hide":false,"pozadovany_objem_zasobniku_min":"","pozadovany_objem_zasobniku_imperial_min":"","pozadovany_objem_zasobniku_max":"","pozadovany_objem_zasobniku_imperial_max":"","pozadovany_objem_zasobniku_hide":false,"ref_id":"C200056","item-bg":594723,"item-bg_kop\u00edrovat":false,"item-bg-mobile":false,"item-youtube":"https:\/\/www.youtube.com\/watch?v=sxbYrjsBd7o&feature=emb_title","item-title":"","fixed-title":"STRIEGEL-PRO PE","item-desc":"","item-mach-desc":"Univerz\u00e1lis sz\u00e9les sz\u00e1rrendez\u0151 eg\u00e9sz \u00e9ves felhaszn\u00e1lhat\u00f3s\u00e1ggal.","item-mach-config":"https:\/\/openconfigurator.bednar.com\/configurator\/12909043","item-mach-down":"https:\/\/www.bednar.com\/wp-content\/uploads\/prospekty\/hu\/striegel-pro_2023_hu_web-1.pdf","item-align":true,"item-code":"","google-map":"","disable-header":false,"main-content":[{"acf_fc_layout":"section-fixed-submenu","h1-title":false},{"acf_fc_layout":"section-breadcrumbs"},{"acf_fc_layout":"section-title","item-title":"SZ\u00c9LES SZ\u00c1RRENDEZ\u0150 MAXIM\u00c1LIS NAPI TELJES\u00cdTM\u00c9NNYEL","item-desc":"<p>STRIEGEL-PRO PE vontatott sz\u00e1rrendez\u0151 12 m\u00e9teres munkasz\u00e9less\u00e9ggel. A mells\u0151 felszerel\u00e9sek sz\u00e9les v\u00e1laszt\u00e9ka, bele\u00e9rtve a kieg\u00e9sz\u00edt\u0151 m\u0171tr\u00e1gy\u00e1z\u00e1st vagy vet\u00e9st, lehet\u0151v\u00e9 teszi a munkag\u00e9p sz\u00e9les k\u00f6r\u0171 felhaszn\u00e1l\u00e1s\u00e1t.<\/p>\n","item-mach-par":true},{"acf_fc_layout":"section-title-anchor","item-title":"Kl\u00ed\u010dov\u00e9 vlastnosti","item-desc":"<p>Sz\u00e1rrendez\u0151 12 m\u00e9teres munkasz\u00e9less\u00e9ggel magas napi teljes\u00edtm\u00e9nnyel. Eg\u00e9sz \u00e9vben sz\u00e9les k\u00f6r\u0171en felhaszn\u00e1lhat\u00f3.<\/p>\n","disable-section":false},{"acf_fc_layout":"section-content","item-icon":false,"item-subtitle":"STRIEGEL-PRO PE VONTATOTT SZ\u00c1RRENDEZ\u0150","item-title":"Egyszer\u0171 munkag\u00e9p sokf\u00e9le agron\u00f3miai el\u0151ny","item-photo":false,"item-video-id":"","item-content":"","item-button":"","item-button-url":"","item-button-url-int":false,"item-button-class":"","tabs":[{"tab-photo":"https:\/\/www.bednar.com\/wp-content\/uploads\/produkty\/strigel-pro-pe\/striegel-pro_pe12000_mg_3793-1.jpg","tab-name":"Talajm\u0171vel\u00e9s","tab-content":"<p>A STRIEGEL-PRO PE sz\u00e1rrendez\u0151 sz\u00e1mos agron\u00f3miai el\u0151nnyel j\u00e1r, \u00e9s sokf\u00e9le felhaszn\u00e1l\u00e1si lehet\u0151s\u00e9get k\u00edn\u00e1l. Els\u0151sorban a betakar\u00edt\u00e1s ut\u00e1ni n\u00f6v\u00e9nyi maradv\u00e1nyok egyenletes eloszt\u00e1s\u00e1ra szolg\u00e1l, valamint a nem k\u00edv\u00e1nt gabonamagok n\u00f6veked\u00e9s\u00e9nek megind\u00edt\u00e1s\u00e1ra. Haszn\u00e1lhat\u00f3 azonban k\u00f6nny\u0171 tavaszi talajm\u0171vel\u00e9sre, gabonan\u00f6v\u00e9nyek \u00e9s gyepter\u00fcletek leveg\u0151ztet\u00e9s\u00e9re, kieg\u00e9sz\u00edt\u0151 m\u0171tr\u00e1gy\u00e1z\u00e1sra vagy takar\u00f3n\u00f6v\u00e9nyzet l\u00e9trehoz\u00e1s\u00e1ra.<\/p>\n","tab-button-name":"","tab-button-url":""},{"tab-photo":"https:\/\/www.bednar.com\/wp-content\/uploads\/produkty\/strigel-pro-pe\/foto-21-str.12.jpg","tab-name":"R\u00e9tek \u00e9s legel\u0151k karbantart\u00e1sa","tab-content":"<p>A STRIEGEL-PRO PE sz\u00e1rrendez\u0151 sz\u00e1mos agron\u00f3miai el\u0151nnyel j\u00e1r, \u00e9s sokf\u00e9le felhaszn\u00e1l\u00e1si lehet\u0151s\u00e9get k\u00edn\u00e1l. Els\u0151sorban a betakar\u00edt\u00e1s ut\u00e1ni n\u00f6v\u00e9nyi maradv\u00e1nyok egyenletes eloszt\u00e1s\u00e1ra szolg\u00e1l, valamint a nem k\u00edv\u00e1nt gabonamagok n\u00f6veked\u00e9s\u00e9nek megind\u00edt\u00e1s\u00e1ra. Haszn\u00e1lhat\u00f3 azonban k\u00f6nny\u0171 tavaszi talajm\u0171vel\u00e9sre, gabonan\u00f6v\u00e9nyek \u00e9s gyepter\u00fcletek leveg\u0151ztet\u00e9s\u00e9re, kieg\u00e9sz\u00edt\u0151 m\u0171tr\u00e1gy\u00e1z\u00e1sra vagy takar\u00f3n\u00f6v\u00e9nyzet l\u00e9trehoz\u00e1s\u00e1ra.<\/p>\n","tab-button-name":"","tab-button-url":""},{"tab-photo":"https:\/\/www.bednar.com\/wp-content\/uploads\/produkty\/strigel-pro-pe\/striegel-pro-pe_skraloup.jpg","tab-name":"Cserepesed\u00e9s megsz\u00fcntet\u00e9se","tab-content":"<p>A STRIEGEL-PRO PE sz\u00e1rrendez\u0151 sz\u00e1mos agron\u00f3miai el\u0151nnyel j\u00e1r, \u00e9s sokf\u00e9le felhaszn\u00e1l\u00e1si lehet\u0151s\u00e9get k\u00edn\u00e1l. Els\u0151sorban a betakar\u00edt\u00e1s ut\u00e1ni n\u00f6v\u00e9nyi maradv\u00e1nyok egyenletes eloszt\u00e1s\u00e1ra szolg\u00e1l, valamint a nem k\u00edv\u00e1nt gabonamagok n\u00f6veked\u00e9s\u00e9nek megind\u00edt\u00e1s\u00e1ra. Haszn\u00e1lhat\u00f3 azonban k\u00f6nny\u0171 tavaszi talajm\u0171vel\u00e9sre, gabonan\u00f6v\u00e9nyek \u00e9s gyepter\u00fcletek leveg\u0151ztet\u00e9s\u00e9re, kieg\u00e9sz\u00edt\u0151 m\u0171tr\u00e1gy\u00e1z\u00e1sra vagy takar\u00f3n\u00f6v\u00e9nyzet l\u00e9trehoz\u00e1s\u00e1ra.<\/p>\n","tab-button-name":"","tab-button-url":""},{"tab-photo":"https:\/\/www.bednar.com\/wp-content\/uploads\/produkty\/strigel-pro-pe\/striegel-pro-pe-wide-straw-harrow-crop-residue-distribution.jpg","tab-name":"N\u00f6v\u00e9nyi maradv\u00e1nyok eloszt\u00e1sa","tab-content":"<p>A STRIEGEL-PRO PE sz\u00e1rrendez\u0151 sz\u00e1mos agron\u00f3miai el\u0151nnyel j\u00e1r, \u00e9s sokf\u00e9le felhaszn\u00e1l\u00e1si lehet\u0151s\u00e9get k\u00edn\u00e1l. Els\u0151sorban a betakar\u00edt\u00e1s ut\u00e1ni n\u00f6v\u00e9nyi maradv\u00e1nyok egyenletes eloszt\u00e1s\u00e1ra szolg\u00e1l, valamint a nem k\u00edv\u00e1nt gabonamagok n\u00f6veked\u00e9s\u00e9nek megind\u00edt\u00e1s\u00e1ra. Haszn\u00e1lhat\u00f3 azonban k\u00f6nny\u0171 tavaszi talajm\u0171vel\u00e9sre, gabonan\u00f6v\u00e9nyek \u00e9s gyepter\u00fcletek leveg\u0151ztet\u00e9s\u00e9re, kieg\u00e9sz\u00edt\u0151 m\u0171tr\u00e1gy\u00e1z\u00e1sra vagy takar\u00f3n\u00f6v\u00e9nyzet l\u00e9trehoz\u00e1s\u00e1ra.<\/p>\n","tab-button-name":"","tab-button-url":""}],"toggles":false,"gallery":false},{"acf_fc_layout":"section-content","item-icon":false,"item-subtitle":"HATSOROS P\u00c1LCASZEKCI\u00d3","item-title":"Intenz\u00edv leveg\u0151ztet\u00e9s \u00e9s egyenl\u0151 eloszt\u00e1s","item-photo":"https:\/\/www.bednar.com\/wp-content\/uploads\/produkty\/strigel-pro-pe\/striegel-pro-pe-wide-straw-harrow-six-rows-of-working-tines.jpg","item-video-id":"","item-content":"<p>A STRIEGEL-PRO PE vontatott sz\u00e1rrendez\u0151 hatsoros p\u00e1lcaszekci\u00f3val van felszerelve. A p\u00e1lcasorok munkasz\u00f6ge hidraulikusan a traktor kabinj\u00e1b\u00f3l \u00e1ll\u00edthat\u00f3. A h\u00e1ts\u00f3 k\u00e9t sor munkasz\u00f6ge mechanikusan \u00e1ll\u00edthat\u00f3.<\/p>\n","item-button":"","item-button-url":"","item-button-url-int":false,"item-button-class":"","tabs":false,"toggles":false,"gallery":false},{"acf_fc_layout":"section-content","item-icon":false,"item-subtitle":"M\u0170VEL\u0150EGYS\u00c9GEK F\u00dcGGETLEN FELF\u00dcGGESZT\u00c9SE","item-title":"T\u00f6k\u00e9letes talajk\u00f6vet\u00e9s b\u00e1rmilyen k\u00f6r\u00fclm\u00e9nyek k\u00f6z\u00f6tt","item-photo":"https:\/\/www.bednar.com\/wp-content\/uploads\/produkty\/strigel-pro-pe\/striegel-pro_pe_12000_nezavisle_zaveseni_sekci.png","item-video-id":"","item-content":"<p>A munkasz\u00e9less\u00e9g egyes m\u0171vel\u0151egys\u00e9geit (n\u00e9gy, 3 m\u00e9teres m\u0171vel\u0151egys\u00e9g) egym\u00e1st\u00f3l f\u00fcggetlen\u00fcl f\u00fcggesztik fel a v\u00e1zra. Ez a j\u00f3l bev\u00e1lt kialak\u00edt\u00e1s t\u00f6k\u00e9letes talajk\u00f6vet\u00e9st biztos\u00edt.<\/p>\n","item-button":"","item-button-url":"","item-button-url-int":false,"item-button-class":"","tabs":false,"toggles":false,"gallery":false},{"acf_fc_layout":"section-content","item-icon":false,"item-subtitle":"MELLS\u0150 FELSZEREL\u00c9SEK","item-title":"Sz\u00e9les v\u00e1laszt\u00e9k a t\u00f6k\u00e9letes g\u00e9pfelszerel\u00e9shez","item-photo":false,"item-video-id":"","item-content":"","item-button":"","item-button-url":"","item-button-url-int":false,"item-button-class":"","tabs":[{"tab-photo":"https:\/\/www.bednar.com\/wp-content\/uploads\/produkty\/striegel-pro-pn\/crush_bar_01349902_key_features.png","tab-name":"Crushbar sim\u00edt\u00f3","tab-content":"<p>A hidraulikus vez\u00e9rl\u00e9s\u0171 Crushbar sim\u00edt\u00f3 ide\u00e1lis tavaszi talajm\u0171vel\u00e9sre, kezdeti fel\u00fcletszintez\u00e9sre \u00e9s durva bar\u00e1zd\u00e1k felt\u00f6r\u00e9s\u00e9re. Az egyes meger\u0151s\u00edtett sim\u00edt\u00f3rudak 80 mm sz\u00e9lesek. A sim\u00edt\u00f3 a kabin k\u00e9nyelm\u00e9b\u0151l hidraulikusan vez\u00e9relhet\u0151.<\/p>\n","tab-button-name":"","tab-button-url":""},{"tab-photo":"https:\/\/www.bednar.com\/wp-content\/uploads\/produkty\/striegel-pro-pn\/turbo_coulter_striegel_pro_pn_3x_018010401.png","tab-name":"TURBO v\u00e1g\u00f3csoroszly\u00e1k","tab-content":"<p>A speci\u00e1lis form\u00e1j\u00fa TURBO csoroszlya \u00e9les v\u00e1g\u00f3t\u00e1rcs\u00e1b\u00f3l \u00e1ll, amely k\u00f6nnyen behatol a talajba. A csoroszlya csak kis mennyis\u00e9g\u0171 talajt hoz fel a felsz\u00ednre. Az \u00e9les t\u00e1rcsa alkalmas gabonaf\u00e9l\u00e9k, olajos n\u00f6v\u00e9nyek sz\u00e1rhossz\u00e1nak cs\u00f6kkent\u00e9s\u00e9re vagy gyepter\u00fcletek leveg\u0151ztet\u00e9s\u00e9re.<\/p>\n","tab-button-name":"","tab-button-url":""}],"toggles":false,"gallery":false},{"acf_fc_layout":"section-content","item-icon":false,"item-subtitle":"TELESZK\u00d3POS SZR\u00c1NYR\u00d6GZ\u00cdT\u0150 RUDAK","item-title":"Stabiliz\u00e1lja az oldalv\u00e1zat nagy munkasebess\u00e9gn\u00e9l is","item-photo":"https:\/\/www.bednar.com\/wp-content\/uploads\/produkty\/strigel-pro-pe\/striegel-pro-pe-wide-straw-harrow-telescopic-side-connecting-rods.jpg","item-video-id":"","item-content":"<p>A teleszk\u00f3pos sz\u00e1rnyr\u00f6gz\u00edt\u0151 rudak stabiliz\u00e1lj\u00e1k az oldalv\u00e1zat fordul\u00e1sn\u00e1l \u00e9s nagy munkasebess\u00e9gn\u00e9l. A STRIEGEL-PRO sz\u00e1rrendez\u0151 alapfelszerelts\u00e9g\u00e9hez tartozik.<\/p>\n","item-button":"","item-button-url":"","item-button-url-int":false,"item-button-class":"","tabs":false,"toggles":false,"gallery":false},{"acf_fc_layout":"section-content","item-icon":false,"item-subtitle":"ALFA-DRILL VET\u0150EGYS\u00c9G","item-title":"Takar\u00f3n\u00f6v\u00e9nyzet l\u00e9trehoz\u00e1sa egy menetben","item-photo":"https:\/\/www.bednar.com\/wp-content\/uploads\/produkty\/galaxy-ge\/plastova_alfa_8001.png","item-video-id":"","item-content":"<p>A STRIEGEL-PRO PE vontatott sz\u00e1rrendez\u0151 BEDNAR ALFA DRILL vet\u0151egys\u00e9ggel szerelhet\u0151 fel gy\u00e1rt\u00e1s k\u00f6zben, mellyel takar\u00f3n\u00f6v\u00e9nyzetet hozhatunk l\u00e9tre, kis vet\u0151mag\u00fa n\u00f6v\u00e9nyeket vethet\u00fcnk el vagy mikrogranul\u00e1tumot alkalmazhatunk egy menetben. Az id\u0151- \u00e9s \u00fczemanyag-megtakar\u00edt\u00e1s jelent\u0151s. A vet\u0151egys\u00e9g kapacit\u00e1sa 800 liter.<\/p>\n","item-button":"","item-button-url":"","item-button-url-int":false,"item-button-class":"","tabs":false,"toggles":false,"gallery":false},{"acf_fc_layout":"section-content","item-icon":false,"item-subtitle":"LONG-LIFE P\u00c1LC\u00c1K","item-title":"10-szer tart\u00f3sabbak, mint a standard v\u00e1ltozatok","item-photo":"https:\/\/www.bednar.com\/wp-content\/uploads\/produkty\/striegel-pro-pn\/striegel_range_long_life_prut.png","item-video-id":"","item-content":"<p>A p\u00e1lc\u00e1k gyorsabban kophatnak, k\u00fcl\u00f6n\u00f6sen akkor, ha sz\u00e1raz \u00e9vszakban tarl\u00f3n dolgoznak, ez\u00e9rt javasoljuk, hogy a sz\u00e1rrendez\u0151t karbidhegyekkel ell\u00e1tott LONG LIFE p\u00e1lc\u00e1kkal szerelj\u00e9k fel. A LONG LIFE p\u00e1lc\u00e1k \u00e9lettartama hosszabb, haszn\u00e1latukkor a munka min\u0151s\u00e9ge nem v\u00e1ltozik a p\u00e1lc\u00e1k kop\u00e1sa miatt.<\/p>\n","item-button":"","item-button-url":"","item-button-url-int":false,"item-button-class":"","tabs":false,"toggles":false,"gallery":false},{"acf_fc_layout":"section-content","item-icon":false,"item-subtitle":"KOMPAKT M\u00c9RETEK","item-title":"Biztons\u00e1gos \u00e9s egyszer\u0171 sz\u00e1ll\u00edt\u00e1s","item-photo":"https:\/\/www.bednar.com\/wp-content\/uploads\/produkty\/strigel-pro-pe\/striegel-pro-pe-wide-straw-harrow-compact-dimensions.jpg","item-video-id":"","item-content":"<p>A STRIEGEL-PRO PE sz\u00e1rrendez\u0151 sz\u00e9les modellje k\u00f6nnyen sz\u00e1ll\u00edt\u00e1si helyzetbe hajthat\u00f3 a traktor kabinj\u00e1b\u00f3l. A m\u0171vel\u0151egys\u00e9geket hidraulikusan \u00f6ssze lehet csukni, \u00edgy kompakt sz\u00e1ll\u00edt\u00e1si m\u00e9retei lesznek a g\u00e9pnek, mely nem haladja meg a 3 m\u00e9teres sz\u00e1ll\u00edt\u00e1si sz\u00e9less\u00e9get \u00e9s 4 m\u00e9teres sz\u00e1ll\u00edt\u00e1si magass\u00e1got.<\/p>\n","item-button":"","item-button-url":"","item-button-url-int":false,"item-button-class":"","tabs":false,"toggles":false,"gallery":false},{"acf_fc_layout":"section-cta-box"},{"acf_fc_layout":"section-title-anchor","item-title":"Popis stroje","item-desc":"<p>A sz\u00e1rrendez\u0151 f\u0151bb alkatr\u00e9szeinek r\u00f6vid \u00f6sszefoglal\u00f3ja.<\/p>\n","disable-section":false},{"acf_fc_layout":"section-3d-model","item-3d-images":"https:\/\/www.bednar.com\/wp-content\/uploads\/3D\/STRIEGEL-PRO-PE\/STRIEGEL-PRO_PE_12000_360","model-right":false,"item-main-photo":"https:\/\/www.bednar.com\/wp-content\/uploads\/produkty\/strigel-pro-pe\/striegel-pro_pe_12000_zakladni.jpg","item-list":[{"item-pos":"79.4455%,23.3950%","item-pos-img":"https:\/\/www.bednar.com\/wp-content\/uploads\/produkty\/strigel-pro-pe\/striegel-pro_pe_12000_tazna_oj.jpg","item-name":"Von\u00f3r\u00fad","item-desc":"<p>A hossz\u00fa von\u00f3r\u00fad biztons\u00e1gosan el\u0151rehajtja az oldalv\u00e1zat.<\/p>\n"},{"item-pos":"56.8629%,35.6774%","item-pos-img":"https:\/\/www.bednar.com\/wp-content\/uploads\/produkty\/strigel-pro-pe\/striegel-pro_pe_12000_predni_smyk.jpg","item-name":"Mells\u0151 sim\u00edt\u00f3","item-desc":"<p>A hidraulikus vez\u00e9rl\u00e9s\u0171 Crushbar sim\u00edt\u00f3 elsim\u00edtja az egyenetlens\u00e9geket \u00e9s felt\u00f6ri a durva bar\u00e1zd\u00e1kat.<\/p>\n"},{"item-pos":"18.5210%,26.9043%","item-pos-img":"https:\/\/www.bednar.com\/wp-content\/uploads\/produkty\/strigel-pro-pe\/striegel-pro_pe_12000_pracovni_sekce.jpg","item-name":"P\u00e1lcaszekci\u00f3","item-desc":"<p>A hatsoros p\u00e1lcaszekci\u00f3 p\u00e1lc\u00e1i t\u00f6k\u00e9letesen \u00e1tfedik egym\u00e1st, \u00edgy intenz\u00edv munkav\u00e9gz\u00e9sre k\u00e9pesek. A p\u00e1lc\u00e1k m\u00e9retei: 16&#215;700 mm.<\/p>\n"},{"item-pos":"41.4287%,47.9598%","item-pos-img":"https:\/\/www.bednar.com\/wp-content\/uploads\/produkty\/strigel-pro-pe\/striegel-pro_pe_12000_hydraulicke_nastaveni_pracovniho_uhlu.jpg","item-name":"A munkasz\u00f6g hidraulikus \u00e1ll\u00edt\u00e1sa","item-desc":"<p>Az els\u0151 n\u00e9gy p\u00e1lcasor munkasz\u00f6ge hidraulikusan \u00e1ll\u00edthat\u00f3.<\/p>\n"},{"item-pos":"34.1177%,35.6774%","item-pos-img":"https:\/\/www.bednar.com\/wp-content\/uploads\/produkty\/strigel-pro-pe\/striegel-pro_pe_12000_mechanicke_nastaveni_pracovniho_uhlu.jpg","item-name":"A munkasz\u00f6g mechanikus \u00e1ll\u00edt\u00e1sa","item-desc":"<p>A h\u00e1ts\u00f3 k\u00e9t p\u00e1lcasor munkasz\u00f6ge mechanikusan \u00e1ll\u00edthat\u00f3.<\/p>\n"},{"item-pos":"40.8490%,67.1104%","item-pos-img":"https:\/\/www.bednar.com\/wp-content\/uploads\/produkty\/strigel-pro-pe\/striegel-pro_pe_12000_nezavisle_zaveseni_pracovnich_sekci.jpg","item-name":"M\u0171vel\u0151egys\u00e9gek f\u00fcggetlen felf\u00fcggeszt\u00e9se","item-desc":"<p>Seg\u00edti a g\u00e9p munk\u00e1j\u00e1t zord terepen.<\/p>\n"},{"item-pos":"66.6228%,63.6090%","item-pos-img":"https:\/\/www.bednar.com\/wp-content\/uploads\/produkty\/strigel-pro-pe\/striegel-pro_pe_12000_podperna_kola.jpg","item-name":"T\u00e1mkerekek","item-desc":"<p>Stabiliz\u00e1lj\u00e1k az oldalv\u00e1zat \u00e9s t\u00f6k\u00e9letes talajk\u00f6vet\u00e9st biztos\u00edtanak.<\/p>\n"}]},{"acf_fc_layout":"section-inov-tech","inov-tech-ids":[{"ID":321387,"post_author":"3","post_date":"2021-02-10 12:48:17","post_date_gmt":"2021-02-10 11:48:17","post_content":"","post_title":"LONG-LIFE TINES (STRIEGEL)","post_excerpt":"","post_status":"publish","comment_status":"closed","ping_status":"closed","post_password":"","post_name":"long-life-rods","to_ping":"","pinged":"","post_modified":"2024-02-05 12:41:10","post_modified_gmt":"2024-02-05 11:41:10","post_content_filtered":"","post_parent":0,"guid":"https:\/\/www.bednar.com\/technologie\/long-life-pruty\/","menu_order":0,"post_type":"technologie","post_mime_type":"","comment_count":"0","filter":"raw"},{"ID":321388,"post_author":"3","post_date":"2021-02-10 12:47:37","post_date_gmt":"2021-02-10 11:47:37","post_content":"","post_title":"INDEPENDENT SUSPENSION OF THE WORKING SECTIONS","post_excerpt":"","post_status":"publish","comment_status":"closed","ping_status":"closed","post_password":"","post_name":"independent-suspension-of-the-working-sections","to_ping":"","pinged":"","post_modified":"2024-01-18 09:41:31","post_modified_gmt":"2024-01-18 08:41:31","post_content_filtered":"","post_parent":0,"guid":"https:\/\/www.bednar.com\/technologie\/nezavisle-zaveseni-pracovnich-sekci\/","menu_order":0,"post_type":"technologie","post_mime_type":"","comment_count":"0","filter":"raw"}]},{"acf_fc_layout":"section-content-full-without","item-photo":"https:\/\/www.bednar.com\/wp-content\/uploads\/nahledove\/web_what_says_farmers_background-1.jpg","item-photo-left":"https:\/\/www.bednar.com\/wp-content\/uploads\/produkty\/strigel-pro-pe\/striegel_foto-2016_str-21_web.jpg","item-content-grey":"<h3>MIT GONDOLNAK VEV\u0150INK?<\/h3>\n<p>\u201eMagas napi teljes\u00edtm\u00e9nyt \u00e9rek el a STRIEGEL-PRO sz\u00e1rrendez\u0151vel. T\u00f6k\u00e9letesen elosztja a n\u00f6v\u00e9nyi maradv\u00e1nyokat a sz\u00e1nt\u00f3f\u00f6ld\u00f6n, \u00e9s megkezdi a nem k\u00edv\u00e1nt magok n\u00f6veked\u00e9s\u00e9t. \u201d<\/p>\n<p>J\u00f6rg Kriegshammer<br \/>\nBecker \u2013 Henrich Agrar, Bad Tennstedt (N\u00e9metorsz\u00e1g)<\/p>\n","item-button":"","item-button-url":"","item-button-url-int":false,"disable-section":false},{"acf_fc_layout":"section-title-anchor","item-title":"P\u0159\u00edslu\u0161enstv\u00ed","item-desc":"<p>Tudjuk, hogy mindenkinek elt\u00e9r\u0151 elv\u00e1r\u00e1sai vannak az opcion\u00e1lis g\u00e9pfelszerel\u00e9ssel szemben. Ez\u00e9rt szem\u00e9lyre szabhatja a STRIEGEL-PRO PE vontatott sz\u00e1rrendez\u0151j\u00e9t, hogy pontosan megfeleljen az \u00d6n ig\u00e9nyeinek.<\/p>\n","disable-section":false},{"acf_fc_layout":"section-accessories","acces-ids":[408637,410313,408559,547786]},{"acf_fc_layout":"section-content-full"},{"acf_fc_layout":"section-content-full-without","item-photo":"https:\/\/www.bednar.com\/wp-content\/uploads\/nahledove\/bednar-agronomy.jpg","item-photo-left":false,"item-content-grey":"<h3 style=\"text-align: center;\">MEZ\u0150GAZDAS\u00c1GI \u00daTMUTAT\u00d3<\/h3>\n<p style=\"text-align: center;\"><strong>N\u00d6V\u00c9NYI MARADV\u00c1NYOK KEZEL\u00c9SE<\/strong><br \/>\nA n\u00f6v\u00e9nyi maradv\u00e1nyok kezel\u00e9se a betakar\u00edt\u00e1s ut\u00e1n t\u00f6bb okb\u00f3l is fontos. A n\u00f6v\u00e9nyi maradv\u00e1nyok szerves anyagforr\u00e1sk\u00e9nt szolg\u00e1lnak, ez\u00e9rt nem \u00e9rdemes csak \u00fagy otthagyni a sz\u00e1nt\u00f3f\u00f6ld\u00f6n. A n\u00f6v\u00e9nyi maradv\u00e1nyok egyenetlen\u00fcl terjedhetnek, ami er\u0151sebb talajm\u0171vel\u00e9st ig\u00e9nyel, tov\u00e1bb\u00e1 megk\u00f6nny\u00edtik a betegs\u00e9gek \u00e9s k\u00e1rtev\u0151k terjed\u00e9s\u00e9t.<\/p>\n","item-button":"Mit tegy\u00fcnk a n\u00f6v\u00e9nyi maradv\u00e1nyokkal?","item-button-url":"https:\/\/www.bednar.com\/management-poskliznovych-zbytku\/","item-button-url-int":357154,"disable-section":false},{"acf_fc_layout":"section-title-anchor","item-title":"Technick\u00e1 data","item-desc":"","disable-section":false},{"acf_fc_layout":"section-table","table":{"use_header":true,"header":[{"c":"STRIEGEL-PRO PE"},{"c":""},{"c":"PE 12000"}],"caption":false,"body":[[{"c":"Pracovn\u00ed \u0161\u00ed\u0159ka"},{"c":"m"},{"c":"12"}],[{"c":"P\u0159epravn\u00ed \u0161\u00ed\u0159ka"},{"c":"m"},{"c":"3"}],[{"c":"P\u0159epravn\u00ed d\u00e9lka"},{"c":"m"},{"c":"8,8"}],[{"c":"P\u0159epravn\u00ed v\u00fd\u0161ka"},{"c":"m"},{"c":"4"}],[{"c":"Po\u010det \u0159ad prut\u016f"},{"c":""},{"c":"6"}],[{"c":"Pr\u016fm\u011br prut\u016f"},{"c":"mm"},{"c":"16"}],[{"c":"D\u00e9lka prut\u016f"},{"c":"mm"},{"c":"700\n"}],[{"c":"Rozte\u010d mezi pruty"},{"c":"cm"},{"c":"6"}],[{"c":"Max. pracovn\u00ed hloubka*"},{"c":"cm"},{"c":"4\n"}],[{"c":"Ovl\u00e1d\u00e1n\u00ed pracovn\u00edho \u00fahlu prut\u016f"},{"c":""},{"c":"hydraulicky \/ mechanicky (prvn\u00ed 4 \u0159ady) + mechanicky (posledn\u00ed 2 \u0159ady)"}],[{"c":"Doporu\u010den\u00fd v\u00fdkon*"},{"c":"kon\u00ed"},{"c":"230 - 350\n"}],[{"c":"Typ z\u00e1v\u011bsu"},{"c":""},{"c":"oko 40, 51, 55, 58, 62, 71, 73"}],[{"c":"Rozm\u011br pneumatik podp\u011brn\u00fdch kol"},{"c":""},{"c":"10\/75-15.3 10 PR\n"}],[{"c":"Rozm\u011br transportn\u00edch pneumatik"},{"c":""},{"c":"600\/40-22.5\n"}],[{"c":"Max. celkov\u00e1 hmotnost**"},{"c":"kg"},{"c":"9066\n"}]]},"table-imp":false,"table-info":"<p>*a g\u00e9p felszerelts\u00e9ge alapj\u00e1n<br \/>\n<br \/>\n<em>A BEDNAR-n\u00e1l folyamatosan dolgozunk azon, hogy a weboldalon tal\u00e1lhat\u00f3 inform\u00e1ci\u00f3k pontosak, naprak\u00e9szek \u00e9s hasznosak legyenek. Mivel elk\u00f6telezettek vagyunk az \u00d6n felhaszn\u00e1l\u00f3i \u00e9lm\u00e9ny\u00e9nek jav\u00edt\u00e1sa \u00e9s a lehet\u0151 legjobb gazd\u00e1lkod\u00e1si eredm\u00e9nyek ir\u00e1nt, egyes m\u0171szaki adatok a jelenleg megjelen\u00edtettekn\u00e9l fejlettebbek lehetnek. A teljes m\u0171szaki specifik\u00e1ci\u00f3kat a megrendel\u00e9s id\u0151pontj\u00e1ban az \u00d6n hivatalos BEDNAR k\u00e9pvisel\u0151je fogja meger\u0151s\u00edteni.<\/em><\/p>\n","table-button-url":"https:\/\/www.bednar.com\/wp-content\/uploads\/opotrebitelne-nd\/en\/striegel_pro_pe_pn_en.pdf","table-max-width":false,"konfigurator-nd":true},{"acf_fc_layout":"section-title-anchor","item-title":"Galerie \/ M\u00e9dia","item-desc":"","disable-section":false},{"acf_fc_layout":"section-gallery","videos":[{"item-id":"https:\/\/www.youtube.com\/embed\/VrYYpXVr0Rc"},{"item-id":"https:\/\/www.youtube.com\/embed\/0rBcQ_EOLms"},{"item-id":"https:\/\/www.youtube.com\/embed\/sxbYrjsBd7o"},{"item-id":"https:\/\/www.youtube.com\/embed\/zXUcHdkGONE"}],"photos":[{"ID":"https:\/\/www.bednar.com\/wp-content\/uploads\/produkty\/strigel-pro-pe\/dji_0806.jpg","id":"https:\/\/www.bednar.com\/wp-content\/uploads\/produkty\/strigel-pro-pe\/dji_0806.jpg","title":"DJI_0806","filename":"dji_0806.jpg","filesize":"https:\/\/www.bednar.com\/wp-content\/uploads\/117637161_3597194876966460_4388291959744943353_n.jpg","url":"https:\/\/www.bednar.com\/wp-content\/uploads\/produkty\/strigel-pro-pe\/dji_0806.jpg","link":"https:\/\/www.bednar.com\/en\/striegel-pro-pe\/dji_0806-2\/","alt":"STRIEGEL-PRO PE","author":"3","description":"","caption":"","name":"dji_0806-2","status":"inherit","uploaded_to":321851,"date":"2022-08-29 10:13:35","modified":"2022-08-29 10:15:07","menu_order":0,"mime_type":"image\/jpeg","type":"image","subtype":"jpeg","icon":"https:\/\/www.bednar.com\/wp-includes\/images\/media\/default.png","width":1400,"height":933,"sizes":{"thumbnail":"https:\/\/www.bednar.com\/wp-content\/uploads\/produkty\/strigel-pro-pe\/dji_0806-280x185.jpg","thumbnail-width":280,"thumbnail-height":185,"medium":"https:\/\/www.bednar.com\/wp-content\/uploads\/produkty\/strigel-pro-pe\/dji_0806-300x200.jpg","medium-width":"https:\/\/www.bednar.com\/wp-content\/uploads\/2021\/02\/Atlas_AN3000_MG_2592.jpg","medium-height":200,"medium_large":"https:\/\/www.bednar.com\/wp-content\/uploads\/produkty\/strigel-pro-pe\/dji_0806-768x512.jpg","medium_large-width":768,"medium_large-height":"https:\/\/www.bednar.com\/wp-content\/uploads\/2021\/02\/ATLAS-AO-PROFI-Gallery-10.jpg","large":"https:\/\/www.bednar.com\/wp-content\/uploads\/produkty\/strigel-pro-pe\/dji_0806-1024x682.jpg","large-width":1024,"large-height":682,"1536x1536":"https:\/\/www.bednar.com\/wp-content\/uploads\/produkty\/strigel-pro-pe\/dji_0806.jpg","1536x1536-width":1400,"1536x1536-height":933,"2048x2048":"https:\/\/www.bednar.com\/wp-content\/uploads\/produkty\/strigel-pro-pe\/dji_0806.jpg","2048x2048-width":1400,"2048x2048-height":933,"header-thumb":"https:\/\/www.bednar.com\/wp-content\/uploads\/produkty\/strigel-pro-pe\/dji_0806-1400x920.jpg","header-thumb-width":1400,"header-thumb-height":920,"section-thumb":"https:\/\/www.bednar.com\/wp-content\/uploads\/produkty\/strigel-pro-pe\/dji_0806-860x480.jpg","section-thumb-width":860,"section-thumb-height":480,"news-thumb":"https:\/\/www.bednar.com\/wp-content\/uploads\/produkty\/strigel-pro-pe\/dji_0806-390x315.jpg","news-thumb-width":390,"news-thumb-height":315,"wpcf7-post-image":"https:\/\/www.bednar.com\/wp-content\/uploads\/produkty\/strigel-pro-pe\/dji_0806-80x80.jpg","wpcf7-post-image-width":80,"wpcf7-post-image-height":80}},{"ID":"https:\/\/www.bednar.com\/wp-content\/uploads\/produkty\/strigel-pro-pe\/dji_0807.jpg","id":"https:\/\/www.bednar.com\/wp-content\/uploads\/produkty\/strigel-pro-pe\/dji_0807.jpg","title":"DJI_0807","filename":"dji_0807.jpg","filesize":"https:\/\/www.bednar.com\/wp-content\/uploads\/swifterdisc-xe-zvitezil-v-nelehk-60qt0q3tuc.jpg","url":"https:\/\/www.bednar.com\/wp-content\/uploads\/produkty\/strigel-pro-pe\/dji_0807.jpg","link":"https:\/\/www.bednar.com\/en\/striegel-pro-pe\/dji_0807-2\/","alt":"STRIEGEL-PRO PE","author":"3","description":"","caption":"","name":"dji_0807-2","status":"inherit","uploaded_to":321851,"date":"2022-08-29 10:13:39","modified":"2022-08-29 10:14:57","menu_order":0,"mime_type":"image\/jpeg","type":"image","subtype":"jpeg","icon":"https:\/\/www.bednar.com\/wp-includes\/images\/media\/default.png","width":1400,"height":933,"sizes":{"thumbnail":"https:\/\/www.bednar.com\/wp-content\/uploads\/produkty\/strigel-pro-pe\/dji_0807-280x185.jpg","thumbnail-width":280,"thumbnail-height":185,"medium":"https:\/\/www.bednar.com\/wp-content\/uploads\/produkty\/strigel-pro-pe\/dji_0807-300x200.jpg","medium-width":"https:\/\/www.bednar.com\/wp-content\/uploads\/2021\/02\/Atlas_AN3000_MG_2592.jpg","medium-height":200,"medium_large":"https:\/\/www.bednar.com\/wp-content\/uploads\/produkty\/strigel-pro-pe\/dji_0807-768x512.jpg","medium_large-width":768,"medium_large-height":"https:\/\/www.bednar.com\/wp-content\/uploads\/2021\/02\/ATLAS-AO-PROFI-Gallery-10.jpg","large":"https:\/\/www.bednar.com\/wp-content\/uploads\/produkty\/strigel-pro-pe\/dji_0807-1024x682.jpg","large-width":1024,"large-height":682,"1536x1536":"https:\/\/www.bednar.com\/wp-content\/uploads\/produkty\/strigel-pro-pe\/dji_0807.jpg","1536x1536-width":1400,"1536x1536-height":933,"2048x2048":"https:\/\/www.bednar.com\/wp-content\/uploads\/produkty\/strigel-pro-pe\/dji_0807.jpg","2048x2048-width":1400,"2048x2048-height":933,"header-thumb":"https:\/\/www.bednar.com\/wp-content\/uploads\/produkty\/strigel-pro-pe\/dji_0807-1400x920.jpg","header-thumb-width":1400,"header-thumb-height":920,"section-thumb":"https:\/\/www.bednar.com\/wp-content\/uploads\/produkty\/strigel-pro-pe\/dji_0807-860x480.jpg","section-thumb-width":860,"section-thumb-height":480,"news-thumb":"https:\/\/www.bednar.com\/wp-content\/uploads\/produkty\/strigel-pro-pe\/dji_0807-390x315.jpg","news-thumb-width":390,"news-thumb-height":315,"wpcf7-post-image":"https:\/\/www.bednar.com\/wp-content\/uploads\/produkty\/strigel-pro-pe\/dji_0807-80x80.jpg","wpcf7-post-image-width":80,"wpcf7-post-image-height":80}},{"ID":"https:\/\/www.bednar.com\/wp-content\/uploads\/produkty\/strigel-pro-pe\/fb6.jpg","id":"https:\/\/www.bednar.com\/wp-content\/uploads\/produkty\/strigel-pro-pe\/fb6.jpg","title":"FB6","filename":"fb6.jpg","filesize":468503,"url":"https:\/\/www.bednar.com\/wp-content\/uploads\/produkty\/strigel-pro-pe\/fb6.jpg","link":"https:\/\/www.bednar.com\/en\/striegel-pro-pe\/fb6-2\/","alt":"STRIEGEL-PRO_PE","author":"2","description":"","caption":"","name":"fb6-2","status":"inherit","uploaded_to":321851,"date":"2021-10-01 10:27:58","modified":"2021-10-01 10:28:27","menu_order":0,"mime_type":"image\/jpeg","type":"image","subtype":"jpeg","icon":"https:\/\/www.bednar.com\/wp-includes\/images\/media\/default.png","width":1400,"height":933,"sizes":{"thumbnail":"https:\/\/www.bednar.com\/wp-content\/uploads\/produkty\/strigel-pro-pe\/fb6-280x185.jpg","thumbnail-width":280,"thumbnail-height":185,"medium":"https:\/\/www.bednar.com\/wp-content\/uploads\/produkty\/strigel-pro-pe\/fb6-300x200.jpg","medium-width":"https:\/\/www.bednar.com\/wp-content\/uploads\/2021\/02\/Atlas_AN3000_MG_2592.jpg","medium-height":200,"medium_large":"https:\/\/www.bednar.com\/wp-content\/uploads\/produkty\/strigel-pro-pe\/fb6-768x512.jpg","medium_large-width":768,"medium_large-height":"https:\/\/www.bednar.com\/wp-content\/uploads\/2021\/02\/ATLAS-AO-PROFI-Gallery-10.jpg","large":"https:\/\/www.bednar.com\/wp-content\/uploads\/produkty\/strigel-pro-pe\/fb6-1024x682.jpg","large-width":1024,"large-height":682,"1536x1536":"https:\/\/www.bednar.com\/wp-content\/uploads\/produkty\/strigel-pro-pe\/fb6.jpg","1536x1536-width":1400,"1536x1536-height":933,"2048x2048":"https:\/\/www.bednar.com\/wp-content\/uploads\/produkty\/strigel-pro-pe\/fb6.jpg","2048x2048-width":1400,"2048x2048-height":933,"header-thumb":"https:\/\/www.bednar.com\/wp-content\/uploads\/produkty\/strigel-pro-pe\/fb6-1400x920.jpg","header-thumb-width":1400,"header-thumb-height":920,"section-thumb":"https:\/\/www.bednar.com\/wp-content\/uploads\/produkty\/strigel-pro-pe\/fb6-860x480.jpg","section-thumb-width":860,"section-thumb-height":480,"news-thumb":"https:\/\/www.bednar.com\/wp-content\/uploads\/produkty\/strigel-pro-pe\/fb6-390x315.jpg","news-thumb-width":390,"news-thumb-height":315,"wpcf7-post-image":"https:\/\/www.bednar.com\/wp-content\/uploads\/produkty\/strigel-pro-pe\/fb6-80x80.jpg","wpcf7-post-image-width":80,"wpcf7-post-image-height":80}},{"ID":"https:\/\/www.bednar.com\/wp-content\/uploads\/produkty\/strigel-pro-pe\/dji_0808.jpg","id":"https:\/\/www.bednar.com\/wp-content\/uploads\/produkty\/strigel-pro-pe\/dji_0808.jpg","title":"DJI_0808","filename":"dji_0808.jpg","filesize":"https:\/\/www.bednar.com\/wp-content\/uploads\/bednar_fmt_terraland_to_ro_5.jpg","url":"https:\/\/www.bednar.com\/wp-content\/uploads\/produkty\/strigel-pro-pe\/dji_0808.jpg","link":"https:\/\/www.bednar.com\/en\/striegel-pro-pe\/dji_0808-2\/","alt":"STRIEGEL-PRO PE","author":"3","description":"","caption":"","name":"dji_0808-2","status":"inherit","uploaded_to":321851,"date":"2022-08-29 10:13:43","modified":"2022-08-29 10:14:51","menu_order":0,"mime_type":"image\/jpeg","type":"image","subtype":"jpeg","icon":"https:\/\/www.bednar.com\/wp-includes\/images\/media\/default.png","width":1400,"height":933,"sizes":{"thumbnail":"https:\/\/www.bednar.com\/wp-content\/uploads\/produkty\/strigel-pro-pe\/dji_0808-280x185.jpg","thumbnail-width":280,"thumbnail-height":185,"medium":"https:\/\/www.bednar.com\/wp-content\/uploads\/produkty\/strigel-pro-pe\/dji_0808-300x200.jpg","medium-width":"https:\/\/www.bednar.com\/wp-content\/uploads\/2021\/02\/Atlas_AN3000_MG_2592.jpg","medium-height":200,"medium_large":"https:\/\/www.bednar.com\/wp-content\/uploads\/produkty\/strigel-pro-pe\/dji_0808-768x512.jpg","medium_large-width":768,"medium_large-height":"https:\/\/www.bednar.com\/wp-content\/uploads\/2021\/02\/ATLAS-AO-PROFI-Gallery-10.jpg","large":"https:\/\/www.bednar.com\/wp-content\/uploads\/produkty\/strigel-pro-pe\/dji_0808-1024x682.jpg","large-width":1024,"large-height":682,"1536x1536":"https:\/\/www.bednar.com\/wp-content\/uploads\/produkty\/strigel-pro-pe\/dji_0808.jpg","1536x1536-width":1400,"1536x1536-height":933,"2048x2048":"https:\/\/www.bednar.com\/wp-content\/uploads\/produkty\/strigel-pro-pe\/dji_0808.jpg","2048x2048-width":1400,"2048x2048-height":933,"header-thumb":"https:\/\/www.bednar.com\/wp-content\/uploads\/produkty\/strigel-pro-pe\/dji_0808-1400x920.jpg","header-thumb-width":1400,"header-thumb-height":920,"section-thumb":"https:\/\/www.bednar.com\/wp-content\/uploads\/produkty\/strigel-pro-pe\/dji_0808-860x480.jpg","section-thumb-width":860,"section-thumb-height":480,"news-thumb":"https:\/\/www.bednar.com\/wp-content\/uploads\/produkty\/strigel-pro-pe\/dji_0808-390x315.jpg","news-thumb-width":390,"news-thumb-height":315,"wpcf7-post-image":"https:\/\/www.bednar.com\/wp-content\/uploads\/produkty\/strigel-pro-pe\/dji_0808-80x80.jpg","wpcf7-post-image-width":80,"wpcf7-post-image-height":80}},{"ID":"https:\/\/www.bednar.com\/wp-content\/uploads\/produkty\/strigel-pro-pe\/dji_0814.jpg","id":"https:\/\/www.bednar.com\/wp-content\/uploads\/produkty\/strigel-pro-pe\/dji_0814.jpg","title":"DJI_0814","filename":"dji_0814.jpg","filesize":"https:\/\/www.bednar.com\/wp-content\/uploads\/kategorie-stroju\/mulcovace\/trash_fan_00733316.png","url":"https:\/\/www.bednar.com\/wp-content\/uploads\/produkty\/strigel-pro-pe\/dji_0814.jpg","link":"https:\/\/www.bednar.com\/en\/striegel-pro-pe\/dji_0814-2\/","alt":"STRIEGEL-PRO PE","author":"3","description":"","caption":"","name":"dji_0814-2","status":"inherit","uploaded_to":321851,"date":"2022-08-29 10:13:46","modified":"2022-08-29 10:14:43","menu_order":0,"mime_type":"image\/jpeg","type":"image","subtype":"jpeg","icon":"https:\/\/www.bednar.com\/wp-includes\/images\/media\/default.png","width":1400,"height":933,"sizes":{"thumbnail":"https:\/\/www.bednar.com\/wp-content\/uploads\/produkty\/strigel-pro-pe\/dji_0814-280x185.jpg","thumbnail-width":280,"thumbnail-height":185,"medium":"https:\/\/www.bednar.com\/wp-content\/uploads\/produkty\/strigel-pro-pe\/dji_0814-300x200.jpg","medium-width":"https:\/\/www.bednar.com\/wp-content\/uploads\/2021\/02\/Atlas_AN3000_MG_2592.jpg","medium-height":200,"medium_large":"https:\/\/www.bednar.com\/wp-content\/uploads\/produkty\/strigel-pro-pe\/dji_0814-768x512.jpg","medium_large-width":768,"medium_large-height":"https:\/\/www.bednar.com\/wp-content\/uploads\/2021\/02\/ATLAS-AO-PROFI-Gallery-10.jpg","large":"https:\/\/www.bednar.com\/wp-content\/uploads\/produkty\/strigel-pro-pe\/dji_0814-1024x682.jpg","large-width":1024,"large-height":682,"1536x1536":"https:\/\/www.bednar.com\/wp-content\/uploads\/produkty\/strigel-pro-pe\/dji_0814.jpg","1536x1536-width":1400,"1536x1536-height":933,"2048x2048":"https:\/\/www.bednar.com\/wp-content\/uploads\/produkty\/strigel-pro-pe\/dji_0814.jpg","2048x2048-width":1400,"2048x2048-height":933,"header-thumb":"https:\/\/www.bednar.com\/wp-content\/uploads\/produkty\/strigel-pro-pe\/dji_0814-1400x920.jpg","header-thumb-width":1400,"header-thumb-height":920,"section-thumb":"https:\/\/www.bednar.com\/wp-content\/uploads\/produkty\/strigel-pro-pe\/dji_0814-860x480.jpg","section-thumb-width":860,"section-thumb-height":480,"news-thumb":"https:\/\/www.bednar.com\/wp-content\/uploads\/produkty\/strigel-pro-pe\/dji_0814-390x315.jpg","news-thumb-width":390,"news-thumb-height":315,"wpcf7-post-image":"https:\/\/www.bednar.com\/wp-content\/uploads\/produkty\/strigel-pro-pe\/dji_0814-80x80.jpg","wpcf7-post-image-width":80,"wpcf7-post-image-height":80}},{"ID":"https:\/\/www.bednar.com\/wp-content\/uploads\/produkty\/strigel-pro-pe\/dji_0816.jpg","id":"https:\/\/www.bednar.com\/wp-content\/uploads\/produkty\/strigel-pro-pe\/dji_0816.jpg","title":"DJI_0816","filename":"dji_0816.jpg","filesize":"https:\/\/www.bednar.com\/wp-content\/uploads\/hlubokym-podryvanim-pudy-proti-s-4cymtljx2u.jpg","url":"https:\/\/www.bednar.com\/wp-content\/uploads\/produkty\/strigel-pro-pe\/dji_0816.jpg","link":"https:\/\/www.bednar.com\/en\/striegel-pro-pe\/dji_0816-2\/","alt":"STRIEGEL-PRO PE","author":"3","description":"","caption":"","name":"dji_0816-2","status":"inherit","uploaded_to":321851,"date":"2022-08-29 10:13:49","modified":"2022-08-29 10:14:34","menu_order":0,"mime_type":"image\/jpeg","type":"image","subtype":"jpeg","icon":"https:\/\/www.bednar.com\/wp-includes\/images\/media\/default.png","width":1400,"height":933,"sizes":{"thumbnail":"https:\/\/www.bednar.com\/wp-content\/uploads\/produkty\/strigel-pro-pe\/dji_0816-280x185.jpg","thumbnail-width":280,"thumbnail-height":185,"medium":"https:\/\/www.bednar.com\/wp-content\/uploads\/produkty\/strigel-pro-pe\/dji_0816-300x200.jpg","medium-width":"https:\/\/www.bednar.com\/wp-content\/uploads\/2021\/02\/Atlas_AN3000_MG_2592.jpg","medium-height":200,"medium_large":"https:\/\/www.bednar.com\/wp-content\/uploads\/produkty\/strigel-pro-pe\/dji_0816-768x512.jpg","medium_large-width":768,"medium_large-height":"https:\/\/www.bednar.com\/wp-content\/uploads\/2021\/02\/ATLAS-AO-PROFI-Gallery-10.jpg","large":"https:\/\/www.bednar.com\/wp-content\/uploads\/produkty\/strigel-pro-pe\/dji_0816-1024x682.jpg","large-width":1024,"large-height":682,"1536x1536":"https:\/\/www.bednar.com\/wp-content\/uploads\/produkty\/strigel-pro-pe\/dji_0816.jpg","1536x1536-width":1400,"1536x1536-height":933,"2048x2048":"https:\/\/www.bednar.com\/wp-content\/uploads\/produkty\/strigel-pro-pe\/dji_0816.jpg","2048x2048-width":1400,"2048x2048-height":933,"header-thumb":"https:\/\/www.bednar.com\/wp-content\/uploads\/produkty\/strigel-pro-pe\/dji_0816-1400x920.jpg","header-thumb-width":1400,"header-thumb-height":920,"section-thumb":"https:\/\/www.bednar.com\/wp-content\/uploads\/produkty\/strigel-pro-pe\/dji_0816-860x480.jpg","section-thumb-width":860,"section-thumb-height":480,"news-thumb":"https:\/\/www.bednar.com\/wp-content\/uploads\/produkty\/strigel-pro-pe\/dji_0816-390x315.jpg","news-thumb-width":390,"news-thumb-height":315,"wpcf7-post-image":"https:\/\/www.bednar.com\/wp-content\/uploads\/produkty\/strigel-pro-pe\/dji_0816-80x80.jpg","wpcf7-post-image-width":80,"wpcf7-post-image-height":80}},{"ID":"https:\/\/www.bednar.com\/wp-content\/uploads\/produkty\/strigel-pro-pe\/dji_0832.jpg","id":"https:\/\/www.bednar.com\/wp-content\/uploads\/produkty\/strigel-pro-pe\/dji_0832.jpg","title":"DJI_0832","filename":"dji_0832.jpg","filesize":"https:\/\/www.bednar.com\/wp-content\/uploads\/swifterdisc-xo-6000-f-w-wysokich-7jdiu51075.jpg","url":"https:\/\/www.bednar.com\/wp-content\/uploads\/produkty\/strigel-pro-pe\/dji_0832.jpg","link":"https:\/\/www.bednar.com\/en\/striegel-pro-pe\/dji_0832-5-2\/","alt":"STRIEGEL-PRO PE","author":"3","description":"","caption":"","name":"dji_0832-5-2","status":"inherit","uploaded_to":321851,"date":"2022-08-29 10:13:53","modified":"2022-08-29 10:14:30","menu_order":0,"mime_type":"image\/jpeg","type":"image","subtype":"jpeg","icon":"https:\/\/www.bednar.com\/wp-includes\/images\/media\/default.png","width":1400,"height":933,"sizes":{"thumbnail":"https:\/\/www.bednar.com\/wp-content\/uploads\/produkty\/strigel-pro-pe\/dji_0832-280x185.jpg","thumbnail-width":280,"thumbnail-height":185,"medium":"https:\/\/www.bednar.com\/wp-content\/uploads\/produkty\/strigel-pro-pe\/dji_0832-300x200.jpg","medium-width":"https:\/\/www.bednar.com\/wp-content\/uploads\/2021\/02\/Atlas_AN3000_MG_2592.jpg","medium-height":200,"medium_large":"https:\/\/www.bednar.com\/wp-content\/uploads\/produkty\/strigel-pro-pe\/dji_0832-768x512.jpg","medium_large-width":768,"medium_large-height":"https:\/\/www.bednar.com\/wp-content\/uploads\/2021\/02\/ATLAS-AO-PROFI-Gallery-10.jpg","large":"https:\/\/www.bednar.com\/wp-content\/uploads\/produkty\/strigel-pro-pe\/dji_0832-1024x682.jpg","large-width":1024,"large-height":682,"1536x1536":"https:\/\/www.bednar.com\/wp-content\/uploads\/produkty\/strigel-pro-pe\/dji_0832.jpg","1536x1536-width":1400,"1536x1536-height":933,"2048x2048":"https:\/\/www.bednar.com\/wp-content\/uploads\/produkty\/strigel-pro-pe\/dji_0832.jpg","2048x2048-width":1400,"2048x2048-height":933,"header-thumb":"https:\/\/www.bednar.com\/wp-content\/uploads\/produkty\/strigel-pro-pe\/dji_0832-1400x920.jpg","header-thumb-width":1400,"header-thumb-height":920,"section-thumb":"https:\/\/www.bednar.com\/wp-content\/uploads\/produkty\/strigel-pro-pe\/dji_0832-860x480.jpg","section-thumb-width":860,"section-thumb-height":480,"news-thumb":"https:\/\/www.bednar.com\/wp-content\/uploads\/produkty\/strigel-pro-pe\/dji_0832-390x315.jpg","news-thumb-width":390,"news-thumb-height":315,"wpcf7-post-image":"https:\/\/www.bednar.com\/wp-content\/uploads\/produkty\/strigel-pro-pe\/dji_0832-80x80.jpg","wpcf7-post-image-width":80,"wpcf7-post-image-height":80}},{"ID":"https:\/\/www.bednar.com\/wp-content\/uploads\/produkty\/strigel-pro-pe\/dji_0839.jpg","id":"https:\/\/www.bednar.com\/wp-content\/uploads\/produkty\/strigel-pro-pe\/dji_0839.jpg","title":"DJI_0839","filename":"dji_0839.jpg","filesize":"https:\/\/www.bednar.com\/wp-content\/uploads\/testovani-stroju-v-gamote-4-1.jpg","url":"https:\/\/www.bednar.com\/wp-content\/uploads\/produkty\/strigel-pro-pe\/dji_0839.jpg","link":"https:\/\/www.bednar.com\/en\/striegel-pro-pe\/dji_0839-2\/","alt":"STRIEGEL-PRO PE","author":"3","description":"","caption":"","name":"dji_0839-2","status":"inherit","uploaded_to":321851,"date":"2022-08-29 10:13:56","modified":"2022-08-29 10:14:24","menu_order":0,"mime_type":"image\/jpeg","type":"image","subtype":"jpeg","icon":"https:\/\/www.bednar.com\/wp-includes\/images\/media\/default.png","width":1400,"height":933,"sizes":{"thumbnail":"https:\/\/www.bednar.com\/wp-content\/uploads\/produkty\/strigel-pro-pe\/dji_0839-280x185.jpg","thumbnail-width":280,"thumbnail-height":185,"medium":"https:\/\/www.bednar.com\/wp-content\/uploads\/produkty\/strigel-pro-pe\/dji_0839-300x200.jpg","medium-width":"https:\/\/www.bednar.com\/wp-content\/uploads\/2021\/02\/Atlas_AN3000_MG_2592.jpg","medium-height":200,"medium_large":"https:\/\/www.bednar.com\/wp-content\/uploads\/produkty\/strigel-pro-pe\/dji_0839-768x512.jpg","medium_large-width":768,"medium_large-height":"https:\/\/www.bednar.com\/wp-content\/uploads\/2021\/02\/ATLAS-AO-PROFI-Gallery-10.jpg","large":"https:\/\/www.bednar.com\/wp-content\/uploads\/produkty\/strigel-pro-pe\/dji_0839-1024x682.jpg","large-width":1024,"large-height":682,"1536x1536":"https:\/\/www.bednar.com\/wp-content\/uploads\/produkty\/strigel-pro-pe\/dji_0839.jpg","1536x1536-width":1400,"1536x1536-height":933,"2048x2048":"https:\/\/www.bednar.com\/wp-content\/uploads\/produkty\/strigel-pro-pe\/dji_0839.jpg","2048x2048-width":1400,"2048x2048-height":933,"header-thumb":"https:\/\/www.bednar.com\/wp-content\/uploads\/produkty\/strigel-pro-pe\/dji_0839-1400x920.jpg","header-thumb-width":1400,"header-thumb-height":920,"section-thumb":"https:\/\/www.bednar.com\/wp-content\/uploads\/produkty\/strigel-pro-pe\/dji_0839-860x480.jpg","section-thumb-width":860,"section-thumb-height":480,"news-thumb":"https:\/\/www.bednar.com\/wp-content\/uploads\/produkty\/strigel-pro-pe\/dji_0839-390x315.jpg","news-thumb-width":390,"news-thumb-height":315,"wpcf7-post-image":"https:\/\/www.bednar.com\/wp-content\/uploads\/produkty\/strigel-pro-pe\/dji_0839-80x80.jpg","wpcf7-post-image-width":80,"wpcf7-post-image-height":80}},{"ID":"https:\/\/www.bednar.com\/wp-content\/uploads\/produkty\/strigel-pro-pe\/pe12400-a-alfa-800ou_9705_bez_korekci_upr.jpg","id":"https:\/\/www.bednar.com\/wp-content\/uploads\/produkty\/strigel-pro-pe\/pe12400-a-alfa-800ou_9705_bez_korekci_upr.jpg","title":"STRIEGEL-PRO PE","filename":"pe12400-a-alfa-800ou_9705_bez_korekci_upr.jpg","filesize":220844,"url":"https:\/\/www.bednar.com\/wp-content\/uploads\/produkty\/strigel-pro-pe\/pe12400-a-alfa-800ou_9705_bez_korekci_upr.jpg","link":"https:\/\/www.bednar.com\/en\/striegel-pro-pe\/pe12400-a-alfa-800ou_9705_bez_korekci_upr-3\/","alt":"","author":"3","description":"","caption":"","name":"pe12400-a-alfa-800ou_9705_bez_korekci_upr-3","status":"inherit","uploaded_to":321851,"date":"2021-02-12 09:12:23","modified":"2021-02-12 09:12:23","menu_order":0,"mime_type":"image\/jpeg","type":"image","subtype":"jpeg","icon":"https:\/\/www.bednar.com\/wp-includes\/images\/media\/default.png","width":1400,"height":933,"sizes":{"thumbnail":"https:\/\/www.bednar.com\/wp-content\/uploads\/produkty\/strigel-pro-pe\/pe12400-a-alfa-800ou_9705_bez_korekci_upr-280x185.jpg","thumbnail-width":280,"thumbnail-height":185,"medium":"https:\/\/www.bednar.com\/wp-content\/uploads\/produkty\/strigel-pro-pe\/pe12400-a-alfa-800ou_9705_bez_korekci_upr-300x200.jpg","medium-width":"https:\/\/www.bednar.com\/wp-content\/uploads\/2021\/02\/Atlas_AN3000_MG_2592.jpg","medium-height":200,"medium_large":"https:\/\/www.bednar.com\/wp-content\/uploads\/produkty\/strigel-pro-pe\/pe12400-a-alfa-800ou_9705_bez_korekci_upr-768x512.jpg","medium_large-width":768,"medium_large-height":"https:\/\/www.bednar.com\/wp-content\/uploads\/2021\/02\/ATLAS-AO-PROFI-Gallery-10.jpg","large":"https:\/\/www.bednar.com\/wp-content\/uploads\/produkty\/strigel-pro-pe\/pe12400-a-alfa-800ou_9705_bez_korekci_upr-1024x682.jpg","large-width":1024,"large-height":682,"1536x1536":"https:\/\/www.bednar.com\/wp-content\/uploads\/produkty\/strigel-pro-pe\/pe12400-a-alfa-800ou_9705_bez_korekci_upr.jpg","1536x1536-width":1400,"1536x1536-height":933,"2048x2048":"https:\/\/www.bednar.com\/wp-content\/uploads\/produkty\/strigel-pro-pe\/pe12400-a-alfa-800ou_9705_bez_korekci_upr.jpg","2048x2048-width":1400,"2048x2048-height":933,"header-thumb":"https:\/\/www.bednar.com\/wp-content\/uploads\/produkty\/strigel-pro-pe\/pe12400-a-alfa-800ou_9705_bez_korekci_upr-1400x920.jpg","header-thumb-width":1400,"header-thumb-height":920,"section-thumb":"https:\/\/www.bednar.com\/wp-content\/uploads\/produkty\/strigel-pro-pe\/pe12400-a-alfa-800ou_9705_bez_korekci_upr-860x480.jpg","section-thumb-width":860,"section-thumb-height":480,"news-thumb":"https:\/\/www.bednar.com\/wp-content\/uploads\/produkty\/strigel-pro-pe\/pe12400-a-alfa-800ou_9705_bez_korekci_upr-390x315.jpg","news-thumb-width":390,"news-thumb-height":315,"wpcf7-post-image":"https:\/\/www.bednar.com\/wp-content\/uploads\/produkty\/strigel-pro-pe\/pe12400-a-alfa-800ou_9705_bez_korekci_upr.jpg","wpcf7-post-image-width":80,"wpcf7-post-image-height":53}},{"ID":"https:\/\/www.bednar.com\/wp-content\/uploads\/produkty\/strigel-pro-pe\/striegel_pro_pe_mg_5679.jpg","id":"https:\/\/www.bednar.com\/wp-content\/uploads\/produkty\/strigel-pro-pe\/striegel_pro_pe_mg_5679.jpg","title":"STRIEGEL-PRO PE","filename":"striegel_pro_pe_mg_5679.jpg","filesize":208923,"url":"https:\/\/www.bednar.com\/wp-content\/uploads\/produkty\/strigel-pro-pe\/striegel_pro_pe_mg_5679.jpg","link":"https:\/\/www.bednar.com\/en\/striegel-pro-pe\/striegel_pro_pe_mg_5679-2\/","alt":"","author":"3","description":"","caption":"","name":"striegel_pro_pe_mg_5679-2","status":"inherit","uploaded_to":321851,"date":"2021-02-12 09:12:25","modified":"2021-02-12 09:12:25","menu_order":0,"mime_type":"image\/jpeg","type":"image","subtype":"jpeg","icon":"https:\/\/www.bednar.com\/wp-includes\/images\/media\/default.png","width":1400,"height":933,"sizes":{"thumbnail":"https:\/\/www.bednar.com\/wp-content\/uploads\/produkty\/strigel-pro-pe\/striegel_pro_pe_mg_5679-280x185.jpg","thumbnail-width":280,"thumbnail-height":185,"medium":"https:\/\/www.bednar.com\/wp-content\/uploads\/produkty\/strigel-pro-pe\/striegel_pro_pe_mg_5679-300x200.jpg","medium-width":"https:\/\/www.bednar.com\/wp-content\/uploads\/2021\/02\/Atlas_AN3000_MG_2592.jpg","medium-height":200,"medium_large":"https:\/\/www.bednar.com\/wp-content\/uploads\/produkty\/strigel-pro-pe\/striegel_pro_pe_mg_5679-768x512.jpg","medium_large-width":768,"medium_large-height":"https:\/\/www.bednar.com\/wp-content\/uploads\/2021\/02\/ATLAS-AO-PROFI-Gallery-10.jpg","large":"https:\/\/www.bednar.com\/wp-content\/uploads\/produkty\/strigel-pro-pe\/striegel_pro_pe_mg_5679-1024x682.jpg","large-width":1024,"large-height":682,"1536x1536":"https:\/\/www.bednar.com\/wp-content\/uploads\/produkty\/strigel-pro-pe\/striegel_pro_pe_mg_5679.jpg","1536x1536-width":1400,"1536x1536-height":933,"2048x2048":"https:\/\/www.bednar.com\/wp-content\/uploads\/produkty\/strigel-pro-pe\/striegel_pro_pe_mg_5679.jpg","2048x2048-width":1400,"2048x2048-height":933,"header-thumb":"https:\/\/www.bednar.com\/wp-content\/uploads\/produkty\/strigel-pro-pe\/striegel_pro_pe_mg_5679-1400x920.jpg","header-thumb-width":1400,"header-thumb-height":920,"section-thumb":"https:\/\/www.bednar.com\/wp-content\/uploads\/produkty\/strigel-pro-pe\/striegel_pro_pe_mg_5679-860x480.jpg","section-thumb-width":860,"section-thumb-height":480,"news-thumb":"https:\/\/www.bednar.com\/wp-content\/uploads\/produkty\/strigel-pro-pe\/striegel_pro_pe_mg_5679-390x315.jpg","news-thumb-width":390,"news-thumb-height":315,"wpcf7-post-image":"https:\/\/www.bednar.com\/wp-content\/uploads\/produkty\/strigel-pro-pe\/striegel_pro_pe_mg_5679.jpg","wpcf7-post-image-width":80,"wpcf7-post-image-height":53}},{"ID":"https:\/\/www.bednar.com\/wp-content\/uploads\/produkty\/strigel-pro-pe\/striegel-pro_pe_mg_2985_maly.jpg","id":"https:\/\/www.bednar.com\/wp-content\/uploads\/produkty\/strigel-pro-pe\/striegel-pro_pe_mg_2985_maly.jpg","title":"STRIEGEL-PRO PE","filename":"striegel-pro_pe_mg_2985_maly.jpg","filesize":241954,"url":"https:\/\/www.bednar.com\/wp-content\/uploads\/produkty\/strigel-pro-pe\/striegel-pro_pe_mg_2985_maly.jpg","link":"https:\/\/www.bednar.com\/en\/striegel-pro-pe\/striegel-pro_pe_mg_2985_maly-3\/","alt":"","author":"3","description":"","caption":"","name":"striegel-pro_pe_mg_2985_maly-3","status":"inherit","uploaded_to":321851,"date":"2021-02-12 09:12:28","modified":"2021-02-12 09:12:28","menu_order":0,"mime_type":"image\/jpeg","type":"image","subtype":"jpeg","icon":"https:\/\/www.bednar.com\/wp-includes\/images\/media\/default.png","width":1400,"height":933,"sizes":{"thumbnail":"https:\/\/www.bednar.com\/wp-content\/uploads\/produkty\/strigel-pro-pe\/striegel-pro_pe_mg_2985_maly-280x185.jpg","thumbnail-width":280,"thumbnail-height":185,"medium":"https:\/\/www.bednar.com\/wp-content\/uploads\/produkty\/strigel-pro-pe\/striegel-pro_pe_mg_2985_maly-300x200.jpg","medium-width":"https:\/\/www.bednar.com\/wp-content\/uploads\/2021\/02\/Atlas_AN3000_MG_2592.jpg","medium-height":200,"medium_large":"https:\/\/www.bednar.com\/wp-content\/uploads\/produkty\/strigel-pro-pe\/striegel-pro_pe_mg_2985_maly-768x512.jpg","medium_large-width":768,"medium_large-height":"https:\/\/www.bednar.com\/wp-content\/uploads\/2021\/02\/ATLAS-AO-PROFI-Gallery-10.jpg","large":"https:\/\/www.bednar.com\/wp-content\/uploads\/produkty\/strigel-pro-pe\/striegel-pro_pe_mg_2985_maly-1024x682.jpg","large-width":1024,"large-height":682,"1536x1536":"https:\/\/www.bednar.com\/wp-content\/uploads\/produkty\/strigel-pro-pe\/striegel-pro_pe_mg_2985_maly.jpg","1536x1536-width":1400,"1536x1536-height":933,"2048x2048":"https:\/\/www.bednar.com\/wp-content\/uploads\/produkty\/strigel-pro-pe\/striegel-pro_pe_mg_2985_maly.jpg","2048x2048-width":1400,"2048x2048-height":933,"header-thumb":"https:\/\/www.bednar.com\/wp-content\/uploads\/produkty\/strigel-pro-pe\/striegel-pro_pe_mg_2985_maly-1400x920.jpg","header-thumb-width":1400,"header-thumb-height":920,"section-thumb":"https:\/\/www.bednar.com\/wp-content\/uploads\/produkty\/strigel-pro-pe\/striegel-pro_pe_mg_2985_maly-860x480.jpg","section-thumb-width":860,"section-thumb-height":480,"news-thumb":"https:\/\/www.bednar.com\/wp-content\/uploads\/produkty\/strigel-pro-pe\/striegel-pro_pe_mg_2985_maly-390x315.jpg","news-thumb-width":390,"news-thumb-height":315,"wpcf7-post-image":"https:\/\/www.bednar.com\/wp-content\/uploads\/produkty\/strigel-pro-pe\/striegel-pro_pe_mg_2985_maly.jpg","wpcf7-post-image-width":80,"wpcf7-post-image-height":53}},{"ID":"https:\/\/www.bednar.com\/wp-content\/uploads\/produkty\/strigel-pro-pe\/striegel-pro_pe12000_mg_1484.jpg","id":"https:\/\/www.bednar.com\/wp-content\/uploads\/produkty\/strigel-pro-pe\/striegel-pro_pe12000_mg_1484.jpg","title":"STRIEGEL-PRO PE","filename":"striegel-pro_pe12000_mg_1484.jpg","filesize":318858,"url":"https:\/\/www.bednar.com\/wp-content\/uploads\/produkty\/strigel-pro-pe\/striegel-pro_pe12000_mg_1484.jpg","link":"https:\/\/www.bednar.com\/en\/striegel-pro-pe\/striegel-pro_pe12000_mg_1484-2\/","alt":"","author":"3","description":"","caption":"","name":"striegel-pro_pe12000_mg_1484-2","status":"inherit","uploaded_to":321851,"date":"2021-02-12 09:12:30","modified":"2021-02-12 09:12:30","menu_order":0,"mime_type":"image\/jpeg","type":"image","subtype":"jpeg","icon":"https:\/\/www.bednar.com\/wp-includes\/images\/media\/default.png","width":1400,"height":933,"sizes":{"thumbnail":"https:\/\/www.bednar.com\/wp-content\/uploads\/produkty\/strigel-pro-pe\/striegel-pro_pe12000_mg_1484-280x185.jpg","thumbnail-width":280,"thumbnail-height":185,"medium":"https:\/\/www.bednar.com\/wp-content\/uploads\/produkty\/strigel-pro-pe\/striegel-pro_pe12000_mg_1484-300x200.jpg","medium-width":"https:\/\/www.bednar.com\/wp-content\/uploads\/2021\/02\/Atlas_AN3000_MG_2592.jpg","medium-height":200,"medium_large":"https:\/\/www.bednar.com\/wp-content\/uploads\/produkty\/strigel-pro-pe\/striegel-pro_pe12000_mg_1484-768x512.jpg","medium_large-width":768,"medium_large-height":"https:\/\/www.bednar.com\/wp-content\/uploads\/2021\/02\/ATLAS-AO-PROFI-Gallery-10.jpg","large":"https:\/\/www.bednar.com\/wp-content\/uploads\/produkty\/strigel-pro-pe\/striegel-pro_pe12000_mg_1484-1024x682.jpg","large-width":1024,"large-height":682,"1536x1536":"https:\/\/www.bednar.com\/wp-content\/uploads\/produkty\/strigel-pro-pe\/striegel-pro_pe12000_mg_1484.jpg","1536x1536-width":1400,"1536x1536-height":933,"2048x2048":"https:\/\/www.bednar.com\/wp-content\/uploads\/produkty\/strigel-pro-pe\/striegel-pro_pe12000_mg_1484.jpg","2048x2048-width":1400,"2048x2048-height":933,"header-thumb":"https:\/\/www.bednar.com\/wp-content\/uploads\/produkty\/strigel-pro-pe\/striegel-pro_pe12000_mg_1484-1400x920.jpg","header-thumb-width":1400,"header-thumb-height":920,"section-thumb":"https:\/\/www.bednar.com\/wp-content\/uploads\/produkty\/strigel-pro-pe\/striegel-pro_pe12000_mg_1484-860x480.jpg","section-thumb-width":860,"section-thumb-height":480,"news-thumb":"https:\/\/www.bednar.com\/wp-content\/uploads\/produkty\/strigel-pro-pe\/striegel-pro_pe12000_mg_1484-390x315.jpg","news-thumb-width":390,"news-thumb-height":315,"wpcf7-post-image":"https:\/\/www.bednar.com\/wp-content\/uploads\/produkty\/strigel-pro-pe\/striegel-pro_pe12000_mg_1484.jpg","wpcf7-post-image-width":80,"wpcf7-post-image-height":53}},{"ID":"https:\/\/www.bednar.com\/wp-content\/uploads\/produkty\/strigel-pro-pe\/striegel-pro_pe12000_mg_1500.jpg","id":"https:\/\/www.bednar.com\/wp-content\/uploads\/produkty\/strigel-pro-pe\/striegel-pro_pe12000_mg_1500.jpg","title":"STRIEGEL-PRO PE","filename":"striegel-pro_pe12000_mg_1500.jpg","filesize":255454,"url":"https:\/\/www.bednar.com\/wp-content\/uploads\/produkty\/strigel-pro-pe\/striegel-pro_pe12000_mg_1500.jpg","link":"https:\/\/www.bednar.com\/en\/striegel-pro-pe\/striegel-pro_pe12000_mg_1500-4\/","alt":"","author":"3","description":"","caption":"","name":"striegel-pro_pe12000_mg_1500-4","status":"inherit","uploaded_to":321851,"date":"2021-02-12 09:12:32","modified":"2021-02-12 09:12:32","menu_order":0,"mime_type":"image\/jpeg","type":"image","subtype":"jpeg","icon":"https:\/\/www.bednar.com\/wp-includes\/images\/media\/default.png","width":1400,"height":933,"sizes":{"thumbnail":"https:\/\/www.bednar.com\/wp-content\/uploads\/produkty\/strigel-pro-pe\/striegel-pro_pe12000_mg_1500-280x185.jpg","thumbnail-width":280,"thumbnail-height":185,"medium":"https:\/\/www.bednar.com\/wp-content\/uploads\/produkty\/strigel-pro-pe\/striegel-pro_pe12000_mg_1500-300x200.jpg","medium-width":"https:\/\/www.bednar.com\/wp-content\/uploads\/2021\/02\/Atlas_AN3000_MG_2592.jpg","medium-height":200,"medium_large":"https:\/\/www.bednar.com\/wp-content\/uploads\/produkty\/strigel-pro-pe\/striegel-pro_pe12000_mg_1500-768x512.jpg","medium_large-width":768,"medium_large-height":"https:\/\/www.bednar.com\/wp-content\/uploads\/2021\/02\/ATLAS-AO-PROFI-Gallery-10.jpg","large":"https:\/\/www.bednar.com\/wp-content\/uploads\/produkty\/strigel-pro-pe\/striegel-pro_pe12000_mg_1500-1024x682.jpg","large-width":1024,"large-height":682,"1536x1536":"https:\/\/www.bednar.com\/wp-content\/uploads\/produkty\/strigel-pro-pe\/striegel-pro_pe12000_mg_1500.jpg","1536x1536-width":1400,"1536x1536-height":933,"2048x2048":"https:\/\/www.bednar.com\/wp-content\/uploads\/produkty\/strigel-pro-pe\/striegel-pro_pe12000_mg_1500.jpg","2048x2048-width":1400,"2048x2048-height":933,"header-thumb":"https:\/\/www.bednar.com\/wp-content\/uploads\/produkty\/strigel-pro-pe\/striegel-pro_pe12000_mg_1500-1400x920.jpg","header-thumb-width":1400,"header-thumb-height":920,"section-thumb":"https:\/\/www.bednar.com\/wp-content\/uploads\/produkty\/strigel-pro-pe\/striegel-pro_pe12000_mg_1500-860x480.jpg","section-thumb-width":860,"section-thumb-height":480,"news-thumb":"https:\/\/www.bednar.com\/wp-content\/uploads\/produkty\/strigel-pro-pe\/striegel-pro_pe12000_mg_1500-390x315.jpg","news-thumb-width":390,"news-thumb-height":315,"wpcf7-post-image":"https:\/\/www.bednar.com\/wp-content\/uploads\/produkty\/strigel-pro-pe\/striegel-pro_pe12000_mg_1500.jpg","wpcf7-post-image-width":80,"wpcf7-post-image-height":53}},{"ID":"https:\/\/www.bednar.com\/wp-content\/uploads\/produkty\/strigel-pro-pe\/striegel-pro_pe12000_mg_3793.jpg","id":"https:\/\/www.bednar.com\/wp-content\/uploads\/produkty\/strigel-pro-pe\/striegel-pro_pe12000_mg_3793.jpg","title":"STRIEGEL-PRO PE","filename":"striegel-pro_pe12000_mg_3793.jpg","filesize":"https:\/\/www.bednar.com\/wp-content\/uploads\/sekce_en.jpg","url":"https:\/\/www.bednar.com\/wp-content\/uploads\/produkty\/strigel-pro-pe\/striegel-pro_pe12000_mg_3793.jpg","link":"https:\/\/www.bednar.com\/en\/striegel-pro-pe\/striegel-pro_pe12000_mg_3793-3\/","alt":"","author":"3","description":"","caption":"","name":"striegel-pro_pe12000_mg_3793-3","status":"inherit","uploaded_to":321851,"date":"2021-02-12 09:12:35","modified":"2021-02-12 09:12:35","menu_order":0,"mime_type":"image\/jpeg","type":"image","subtype":"jpeg","icon":"https:\/\/www.bednar.com\/wp-includes\/images\/media\/default.png","width":1400,"height":933,"sizes":{"thumbnail":"https:\/\/www.bednar.com\/wp-content\/uploads\/produkty\/strigel-pro-pe\/striegel-pro_pe12000_mg_3793-280x185.jpg","thumbnail-width":280,"thumbnail-height":185,"medium":"https:\/\/www.bednar.com\/wp-content\/uploads\/produkty\/strigel-pro-pe\/striegel-pro_pe12000_mg_3793-300x200.jpg","medium-width":"https:\/\/www.bednar.com\/wp-content\/uploads\/2021\/02\/Atlas_AN3000_MG_2592.jpg","medium-height":200,"medium_large":"https:\/\/www.bednar.com\/wp-content\/uploads\/produkty\/strigel-pro-pe\/striegel-pro_pe12000_mg_3793-768x512.jpg","medium_large-width":768,"medium_large-height":"https:\/\/www.bednar.com\/wp-content\/uploads\/2021\/02\/ATLAS-AO-PROFI-Gallery-10.jpg","large":"https:\/\/www.bednar.com\/wp-content\/uploads\/produkty\/strigel-pro-pe\/striegel-pro_pe12000_mg_3793-1024x682.jpg","large-width":1024,"large-height":682,"1536x1536":"https:\/\/www.bednar.com\/wp-content\/uploads\/produkty\/strigel-pro-pe\/striegel-pro_pe12000_mg_3793.jpg","1536x1536-width":1400,"1536x1536-height":933,"2048x2048":"https:\/\/www.bednar.com\/wp-content\/uploads\/produkty\/strigel-pro-pe\/striegel-pro_pe12000_mg_3793.jpg","2048x2048-width":1400,"2048x2048-height":933,"header-thumb":"https:\/\/www.bednar.com\/wp-content\/uploads\/produkty\/strigel-pro-pe\/striegel-pro_pe12000_mg_3793-1400x920.jpg","header-thumb-width":1400,"header-thumb-height":920,"section-thumb":"https:\/\/www.bednar.com\/wp-content\/uploads\/produkty\/strigel-pro-pe\/striegel-pro_pe12000_mg_3793-860x480.jpg","section-thumb-width":860,"section-thumb-height":480,"news-thumb":"https:\/\/www.bednar.com\/wp-content\/uploads\/produkty\/strigel-pro-pe\/striegel-pro_pe12000_mg_3793-390x315.jpg","news-thumb-width":390,"news-thumb-height":315,"wpcf7-post-image":"https:\/\/www.bednar.com\/wp-content\/uploads\/produkty\/strigel-pro-pe\/striegel-pro_pe12000_mg_3793.jpg","wpcf7-post-image-width":80,"wpcf7-post-image-height":53}},{"ID":"https:\/\/www.bednar.com\/wp-content\/uploads\/produkty\/strigel-pro-pe\/striegelpro-pe-12400-a-alfadril-800_rostenice_ou_9672.jpg","id":"https:\/\/www.bednar.com\/wp-content\/uploads\/produkty\/strigel-pro-pe\/striegelpro-pe-12400-a-alfadril-800_rostenice_ou_9672.jpg","title":"STRIEGEL-PRO PE","filename":"striegelpro-pe-12400-a-alfadril-800_rostenice_ou_9672.jpg","filesize":154592,"url":"https:\/\/www.bednar.com\/wp-content\/uploads\/produkty\/strigel-pro-pe\/striegelpro-pe-12400-a-alfadril-800_rostenice_ou_9672.jpg","link":"https:\/\/www.bednar.com\/en\/striegel-pro-pe\/striegelpro-pe-12400-a-alfadril-800_rostenice_ou_9672-3\/","alt":"","author":"3","description":"","caption":"","name":"striegelpro-pe-12400-a-alfadril-800_rostenice_ou_9672-3","status":"inherit","uploaded_to":321851,"date":"2021-02-12 09:12:43","modified":"2021-02-12 09:12:43","menu_order":0,"mime_type":"image\/jpeg","type":"image","subtype":"jpeg","icon":"https:\/\/www.bednar.com\/wp-includes\/images\/media\/default.png","width":1400,"height":933,"sizes":{"thumbnail":"https:\/\/www.bednar.com\/wp-content\/uploads\/produkty\/strigel-pro-pe\/striegelpro-pe-12400-a-alfadril-800_rostenice_ou_9672-280x185.jpg","thumbnail-width":280,"thumbnail-height":185,"medium":"https:\/\/www.bednar.com\/wp-content\/uploads\/produkty\/strigel-pro-pe\/striegelpro-pe-12400-a-alfadril-800_rostenice_ou_9672-300x200.jpg","medium-width":"https:\/\/www.bednar.com\/wp-content\/uploads\/2021\/02\/Atlas_AN3000_MG_2592.jpg","medium-height":200,"medium_large":"https:\/\/www.bednar.com\/wp-content\/uploads\/produkty\/strigel-pro-pe\/striegelpro-pe-12400-a-alfadril-800_rostenice_ou_9672-768x512.jpg","medium_large-width":768,"medium_large-height":"https:\/\/www.bednar.com\/wp-content\/uploads\/2021\/02\/ATLAS-AO-PROFI-Gallery-10.jpg","large":"https:\/\/www.bednar.com\/wp-content\/uploads\/produkty\/strigel-pro-pe\/striegelpro-pe-12400-a-alfadril-800_rostenice_ou_9672-1024x682.jpg","large-width":1024,"large-height":682,"1536x1536":"https:\/\/www.bednar.com\/wp-content\/uploads\/produkty\/strigel-pro-pe\/striegelpro-pe-12400-a-alfadril-800_rostenice_ou_9672.jpg","1536x1536-width":1400,"1536x1536-height":933,"2048x2048":"https:\/\/www.bednar.com\/wp-content\/uploads\/produkty\/strigel-pro-pe\/striegelpro-pe-12400-a-alfadril-800_rostenice_ou_9672.jpg","2048x2048-width":1400,"2048x2048-height":933,"header-thumb":"https:\/\/www.bednar.com\/wp-content\/uploads\/produkty\/strigel-pro-pe\/striegelpro-pe-12400-a-alfadril-800_rostenice_ou_9672-1400x920.jpg","header-thumb-width":1400,"header-thumb-height":920,"section-thumb":"https:\/\/www.bednar.com\/wp-content\/uploads\/produkty\/strigel-pro-pe\/striegelpro-pe-12400-a-alfadril-800_rostenice_ou_9672-860x480.jpg","section-thumb-width":860,"section-thumb-height":480,"news-thumb":"https:\/\/www.bednar.com\/wp-content\/uploads\/produkty\/strigel-pro-pe\/striegelpro-pe-12400-a-alfadril-800_rostenice_ou_9672-390x315.jpg","news-thumb-width":390,"news-thumb-height":315,"wpcf7-post-image":"https:\/\/www.bednar.com\/wp-content\/uploads\/produkty\/strigel-pro-pe\/striegelpro-pe-12400-a-alfadril-800_rostenice_ou_9672.jpg","wpcf7-post-image-width":80,"wpcf7-post-image-height":53}},{"ID":"https:\/\/www.bednar.com\/wp-content\/uploads\/produkty\/strigel-pro-pe\/striegel-pro-pe-12000_cz-2022_uncovice-s-fendt_dji_0804.jpg","id":"https:\/\/www.bednar.com\/wp-content\/uploads\/produkty\/strigel-pro-pe\/striegel-pro-pe-12000_cz-2022_uncovice-s-fendt_dji_0804.jpg","title":"Striegel-Pro-PE-12000_CZ-2022_Uncovice-s-Fendt_DJI_0804","filename":"striegel-pro-pe-12000_cz-2022_uncovice-s-fendt_dji_0804.jpg","filesize":"https:\/\/www.bednar.com\/wp-content\/uploads\/produkty\/row-master-rn_s\/row-master_rn_6000_s_paralelagramove_zaveseni_pracovnich_jednotek.jpg","url":"https:\/\/www.bednar.com\/wp-content\/uploads\/produkty\/strigel-pro-pe\/striegel-pro-pe-12000_cz-2022_uncovice-s-fendt_dji_0804.jpg","link":"https:\/\/www.bednar.com\/en\/striegel-pro-pe\/striegel-pro-pe-12000_cz-2022_uncovice-s-fendt_dji_0804-2\/","alt":"STRIEGEL-PRO PE","author":"3","description":"","caption":"","name":"striegel-pro-pe-12000_cz-2022_uncovice-s-fendt_dji_0804-2","status":"inherit","uploaded_to":321851,"date":"2023-02-01 08:02:44","modified":"2023-02-01 08:03:01","menu_order":0,"mime_type":"image\/jpeg","type":"image","subtype":"jpeg","icon":"https:\/\/www.bednar.com\/wp-includes\/images\/media\/default.png","width":1400,"height":933,"sizes":{"thumbnail":"https:\/\/www.bednar.com\/wp-content\/uploads\/produkty\/strigel-pro-pe\/striegel-pro-pe-12000_cz-2022_uncovice-s-fendt_dji_0804-280x185.jpg","thumbnail-width":280,"thumbnail-height":185,"medium":"https:\/\/www.bednar.com\/wp-content\/uploads\/produkty\/strigel-pro-pe\/striegel-pro-pe-12000_cz-2022_uncovice-s-fendt_dji_0804-300x200.jpg","medium-width":"https:\/\/www.bednar.com\/wp-content\/uploads\/2021\/02\/Atlas_AN3000_MG_2592.jpg","medium-height":200,"medium_large":"https:\/\/www.bednar.com\/wp-content\/uploads\/produkty\/strigel-pro-pe\/striegel-pro-pe-12000_cz-2022_uncovice-s-fendt_dji_0804-768x512.jpg","medium_large-width":768,"medium_large-height":"https:\/\/www.bednar.com\/wp-content\/uploads\/2021\/02\/ATLAS-AO-PROFI-Gallery-10.jpg","large":"https:\/\/www.bednar.com\/wp-content\/uploads\/produkty\/strigel-pro-pe\/striegel-pro-pe-12000_cz-2022_uncovice-s-fendt_dji_0804-1024x682.jpg","large-width":1024,"large-height":682,"1536x1536":"https:\/\/www.bednar.com\/wp-content\/uploads\/produkty\/strigel-pro-pe\/striegel-pro-pe-12000_cz-2022_uncovice-s-fendt_dji_0804.jpg","1536x1536-width":1400,"1536x1536-height":933,"2048x2048":"https:\/\/www.bednar.com\/wp-content\/uploads\/produkty\/strigel-pro-pe\/striegel-pro-pe-12000_cz-2022_uncovice-s-fendt_dji_0804.jpg","2048x2048-width":1400,"2048x2048-height":933,"header-thumb":"https:\/\/www.bednar.com\/wp-content\/uploads\/produkty\/strigel-pro-pe\/striegel-pro-pe-12000_cz-2022_uncovice-s-fendt_dji_0804-1400x920.jpg","header-thumb-width":1400,"header-thumb-height":920,"section-thumb":"https:\/\/www.bednar.com\/wp-content\/uploads\/produkty\/strigel-pro-pe\/striegel-pro-pe-12000_cz-2022_uncovice-s-fendt_dji_0804-860x480.jpg","section-thumb-width":860,"section-thumb-height":480,"news-thumb":"https:\/\/www.bednar.com\/wp-content\/uploads\/produkty\/strigel-pro-pe\/striegel-pro-pe-12000_cz-2022_uncovice-s-fendt_dji_0804-390x315.jpg","news-thumb-width":390,"news-thumb-height":315,"wpcf7-post-image":"https:\/\/www.bednar.com\/wp-content\/uploads\/produkty\/strigel-pro-pe\/striegel-pro-pe-12000_cz-2022_uncovice-s-fendt_dji_0804-80x80.jpg","wpcf7-post-image-width":80,"wpcf7-post-image-height":80}},{"ID":"https:\/\/www.bednar.com\/wp-content\/uploads\/produkty\/strigel-pro-pe\/striegel-pro-pe-12000_cz-2022_uncovice-s-fendt_dsc08367.jpg","id":"https:\/\/www.bednar.com\/wp-content\/uploads\/produkty\/strigel-pro-pe\/striegel-pro-pe-12000_cz-2022_uncovice-s-fendt_dsc08367.jpg","title":"Striegel-Pro-PE-12000_CZ-2022_Uncovice-s-Fendt_DSC08367","filename":"striegel-pro-pe-12000_cz-2022_uncovice-s-fendt_dsc08367.jpg","filesize":"https:\/\/www.bednar.com\/wp-content\/uploads\/produkty\/strip-master-en\/rostenice-a.s.-novotny-ludek_img_8239_830x470.jpg","url":"https:\/\/www.bednar.com\/wp-content\/uploads\/produkty\/strigel-pro-pe\/striegel-pro-pe-12000_cz-2022_uncovice-s-fendt_dsc08367.jpg","link":"https:\/\/www.bednar.com\/en\/striegel-pro-pe\/striegel-pro-pe-12000_cz-2022_uncovice-s-fendt_dsc08367-2\/","alt":"STRIEGEL-PRO PE","author":"3","description":"","caption":"","name":"striegel-pro-pe-12000_cz-2022_uncovice-s-fendt_dsc08367-2","status":"inherit","uploaded_to":321851,"date":"2023-02-01 08:02:49","modified":"2023-02-01 08:03:05","menu_order":0,"mime_type":"image\/jpeg","type":"image","subtype":"jpeg","icon":"https:\/\/www.bednar.com\/wp-includes\/images\/media\/default.png","width":1400,"height":933,"sizes":{"thumbnail":"https:\/\/www.bednar.com\/wp-content\/uploads\/produkty\/strigel-pro-pe\/striegel-pro-pe-12000_cz-2022_uncovice-s-fendt_dsc08367-280x185.jpg","thumbnail-width":280,"thumbnail-height":185,"medium":"https:\/\/www.bednar.com\/wp-content\/uploads\/produkty\/strigel-pro-pe\/striegel-pro-pe-12000_cz-2022_uncovice-s-fendt_dsc08367-300x200.jpg","medium-width":"https:\/\/www.bednar.com\/wp-content\/uploads\/2021\/02\/Atlas_AN3000_MG_2592.jpg","medium-height":200,"medium_large":"https:\/\/www.bednar.com\/wp-content\/uploads\/produkty\/strigel-pro-pe\/striegel-pro-pe-12000_cz-2022_uncovice-s-fendt_dsc08367-768x512.jpg","medium_large-width":768,"medium_large-height":"https:\/\/www.bednar.com\/wp-content\/uploads\/2021\/02\/ATLAS-AO-PROFI-Gallery-10.jpg","large":"https:\/\/www.bednar.com\/wp-content\/uploads\/produkty\/strigel-pro-pe\/striegel-pro-pe-12000_cz-2022_uncovice-s-fendt_dsc08367-1024x682.jpg","large-width":1024,"large-height":682,"1536x1536":"https:\/\/www.bednar.com\/wp-content\/uploads\/produkty\/strigel-pro-pe\/striegel-pro-pe-12000_cz-2022_uncovice-s-fendt_dsc08367.jpg","1536x1536-width":1400,"1536x1536-height":933,"2048x2048":"https:\/\/www.bednar.com\/wp-content\/uploads\/produkty\/strigel-pro-pe\/striegel-pro-pe-12000_cz-2022_uncovice-s-fendt_dsc08367.jpg","2048x2048-width":1400,"2048x2048-height":933,"header-thumb":"https:\/\/www.bednar.com\/wp-content\/uploads\/produkty\/strigel-pro-pe\/striegel-pro-pe-12000_cz-2022_uncovice-s-fendt_dsc08367-1400x920.jpg","header-thumb-width":1400,"header-thumb-height":920,"section-thumb":"https:\/\/www.bednar.com\/wp-content\/uploads\/produkty\/strigel-pro-pe\/striegel-pro-pe-12000_cz-2022_uncovice-s-fendt_dsc08367-860x480.jpg","section-thumb-width":860,"section-thumb-height":480,"news-thumb":"https:\/\/www.bednar.com\/wp-content\/uploads\/produkty\/strigel-pro-pe\/striegel-pro-pe-12000_cz-2022_uncovice-s-fendt_dsc08367-390x315.jpg","news-thumb-width":390,"news-thumb-height":315,"wpcf7-post-image":"https:\/\/www.bednar.com\/wp-content\/uploads\/produkty\/strigel-pro-pe\/striegel-pro-pe-12000_cz-2022_uncovice-s-fendt_dsc08367-80x80.jpg","wpcf7-post-image-width":80,"wpcf7-post-image-height":80}},{"ID":"https:\/\/www.bednar.com\/wp-content\/uploads\/produkty\/strigel-pro-pe\/striegel-pro-pe-wide-straw-harrow-telescopic-side-connecting-rods.jpg","id":"https:\/\/www.bednar.com\/wp-content\/uploads\/produkty\/strigel-pro-pe\/striegel-pro-pe-wide-straw-harrow-telescopic-side-connecting-rods.jpg","title":"striegel-pro pe wide straw harrow telescopic side connecting rods","filename":"striegel-pro-pe-wide-straw-harrow-telescopic-side-connecting-rods.jpg","filesize":253764,"url":"https:\/\/www.bednar.com\/wp-content\/uploads\/produkty\/strigel-pro-pe\/striegel-pro-pe-wide-straw-harrow-telescopic-side-connecting-rods.jpg","link":"https:\/\/www.bednar.com\/en\/striegel-pro-pe\/striegel-pro-pe-wide-straw-harrow-telescopic-side-connecting-rods-2\/","alt":"striegel-pro pe wide straw harrow telescopic side connecting rods","author":"14","description":"","caption":"","name":"striegel-pro-pe-wide-straw-harrow-telescopic-side-connecting-rods-2","status":"inherit","uploaded_to":321851,"date":"2024-03-05 11:20:27","modified":"2024-03-05 11:20:35","menu_order":0,"mime_type":"image\/jpeg","type":"image","subtype":"jpeg","icon":"https:\/\/www.bednar.com\/wp-includes\/images\/media\/default.png","width":830,"height":470,"sizes":{"thumbnail":"https:\/\/www.bednar.com\/wp-content\/uploads\/produkty\/strigel-pro-pe\/striegel-pro-pe-wide-straw-harrow-telescopic-side-connecting-rods-280x185.jpg","thumbnail-width":280,"thumbnail-height":185,"medium":"https:\/\/www.bednar.com\/wp-content\/uploads\/produkty\/strigel-pro-pe\/striegel-pro-pe-wide-straw-harrow-telescopic-side-connecting-rods-300x170.jpg","medium-width":"https:\/\/www.bednar.com\/wp-content\/uploads\/2021\/02\/Atlas_AN3000_MG_2592.jpg","medium-height":170,"medium_large":"https:\/\/www.bednar.com\/wp-content\/uploads\/produkty\/strigel-pro-pe\/striegel-pro-pe-wide-straw-harrow-telescopic-side-connecting-rods-768x435.jpg","medium_large-width":768,"medium_large-height":435,"large":"https:\/\/www.bednar.com\/wp-content\/uploads\/produkty\/strigel-pro-pe\/striegel-pro-pe-wide-straw-harrow-telescopic-side-connecting-rods.jpg","large-width":830,"large-height":470,"1536x1536":"https:\/\/www.bednar.com\/wp-content\/uploads\/produkty\/strigel-pro-pe\/striegel-pro-pe-wide-straw-harrow-telescopic-side-connecting-rods.jpg","1536x1536-width":830,"1536x1536-height":470,"2048x2048":"https:\/\/www.bednar.com\/wp-content\/uploads\/produkty\/strigel-pro-pe\/striegel-pro-pe-wide-straw-harrow-telescopic-side-connecting-rods.jpg","2048x2048-width":830,"2048x2048-height":470,"header-thumb":"https:\/\/www.bednar.com\/wp-content\/uploads\/produkty\/strigel-pro-pe\/striegel-pro-pe-wide-straw-harrow-telescopic-side-connecting-rods.jpg","header-thumb-width":830,"header-thumb-height":470,"section-thumb":"https:\/\/www.bednar.com\/wp-content\/uploads\/produkty\/strigel-pro-pe\/striegel-pro-pe-wide-straw-harrow-telescopic-side-connecting-rods.jpg","section-thumb-width":830,"section-thumb-height":470,"news-thumb":"https:\/\/www.bednar.com\/wp-content\/uploads\/produkty\/strigel-pro-pe\/striegel-pro-pe-wide-straw-harrow-telescopic-side-connecting-rods-390x315.jpg","news-thumb-width":390,"news-thumb-height":315,"wpcf7-post-image":"https:\/\/www.bednar.com\/wp-content\/uploads\/produkty\/strigel-pro-pe\/striegel-pro-pe-wide-straw-harrow-telescopic-side-connecting-rods-80x80.jpg","wpcf7-post-image-width":80,"wpcf7-post-image-height":80}},{"ID":"https:\/\/www.bednar.com\/wp-content\/uploads\/produkty\/strigel-pro-pe\/striegel-pro-pe-wide-straw-harrow-six-rows-of-working-tines.jpg","id":"https:\/\/www.bednar.com\/wp-content\/uploads\/produkty\/strigel-pro-pe\/striegel-pro-pe-wide-straw-harrow-six-rows-of-working-tines.jpg","title":"striegel-pro pe wide straw harrow six rows of working tines","filename":"striegel-pro-pe-wide-straw-harrow-six-rows-of-working-tines.jpg","filesize":126565,"url":"https:\/\/www.bednar.com\/wp-content\/uploads\/produkty\/strigel-pro-pe\/striegel-pro-pe-wide-straw-harrow-six-rows-of-working-tines.jpg","link":"https:\/\/www.bednar.com\/en\/striegel-pro-pe\/striegel-pro-pe-wide-straw-harrow-six-rows-of-working-tines-2\/","alt":"striegel-pro pe wide straw harrow six rows of working tines","author":"14","description":"","caption":"","name":"striegel-pro-pe-wide-straw-harrow-six-rows-of-working-tines-2","status":"inherit","uploaded_to":321851,"date":"2024-03-05 11:20:23","modified":"2024-03-05 11:21:50","menu_order":0,"mime_type":"image\/jpeg","type":"image","subtype":"jpeg","icon":"https:\/\/www.bednar.com\/wp-includes\/images\/media\/default.png","width":830,"height":470,"sizes":{"thumbnail":"https:\/\/www.bednar.com\/wp-content\/uploads\/produkty\/strigel-pro-pe\/striegel-pro-pe-wide-straw-harrow-six-rows-of-working-tines-280x185.jpg","thumbnail-width":280,"thumbnail-height":185,"medium":"https:\/\/www.bednar.com\/wp-content\/uploads\/produkty\/strigel-pro-pe\/striegel-pro-pe-wide-straw-harrow-six-rows-of-working-tines-300x170.jpg","medium-width":"https:\/\/www.bednar.com\/wp-content\/uploads\/2021\/02\/Atlas_AN3000_MG_2592.jpg","medium-height":170,"medium_large":"https:\/\/www.bednar.com\/wp-content\/uploads\/produkty\/strigel-pro-pe\/striegel-pro-pe-wide-straw-harrow-six-rows-of-working-tines-768x435.jpg","medium_large-width":768,"medium_large-height":435,"large":"https:\/\/www.bednar.com\/wp-content\/uploads\/produkty\/strigel-pro-pe\/striegel-pro-pe-wide-straw-harrow-six-rows-of-working-tines.jpg","large-width":830,"large-height":470,"1536x1536":"https:\/\/www.bednar.com\/wp-content\/uploads\/produkty\/strigel-pro-pe\/striegel-pro-pe-wide-straw-harrow-six-rows-of-working-tines.jpg","1536x1536-width":830,"1536x1536-height":470,"2048x2048":"https:\/\/www.bednar.com\/wp-content\/uploads\/produkty\/strigel-pro-pe\/striegel-pro-pe-wide-straw-harrow-six-rows-of-working-tines.jpg","2048x2048-width":830,"2048x2048-height":470,"header-thumb":"https:\/\/www.bednar.com\/wp-content\/uploads\/produkty\/strigel-pro-pe\/striegel-pro-pe-wide-straw-harrow-six-rows-of-working-tines.jpg","header-thumb-width":830,"header-thumb-height":470,"section-thumb":"https:\/\/www.bednar.com\/wp-content\/uploads\/produkty\/strigel-pro-pe\/striegel-pro-pe-wide-straw-harrow-six-rows-of-working-tines.jpg","section-thumb-width":830,"section-thumb-height":470,"news-thumb":"https:\/\/www.bednar.com\/wp-content\/uploads\/produkty\/strigel-pro-pe\/striegel-pro-pe-wide-straw-harrow-six-rows-of-working-tines-390x315.jpg","news-thumb-width":390,"news-thumb-height":315,"wpcf7-post-image":"https:\/\/www.bednar.com\/wp-content\/uploads\/produkty\/strigel-pro-pe\/striegel-pro-pe-wide-straw-harrow-six-rows-of-working-tines-80x80.jpg","wpcf7-post-image-width":80,"wpcf7-post-image-height":80}},{"ID":"https:\/\/www.bednar.com\/wp-content\/uploads\/produkty\/strigel-pro-pe\/striegel-pro-pe-wide-straw-harrow-crop-residue-distribution.jpg","id":"https:\/\/www.bednar.com\/wp-content\/uploads\/produkty\/strigel-pro-pe\/striegel-pro-pe-wide-straw-harrow-crop-residue-distribution.jpg","title":"striegel-pro pe wide straw harrow crop residue distribution","filename":"striegel-pro-pe-wide-straw-harrow-crop-residue-distribution.jpg","filesize":145890,"url":"https:\/\/www.bednar.com\/wp-content\/uploads\/produkty\/strigel-pro-pe\/striegel-pro-pe-wide-straw-harrow-crop-residue-distribution.jpg","link":"https:\/\/www.bednar.com\/en\/striegel-pro-pe\/striegel-pro-pe-wide-straw-harrow-crop-residue-distribution-2\/","alt":"striegel-pro pe wide straw harrow crop residue distribution","author":"14","description":"","caption":"","name":"striegel-pro-pe-wide-straw-harrow-crop-residue-distribution-2","status":"inherit","uploaded_to":321851,"date":"2024-03-05 11:20:19","modified":"2024-03-05 11:21:36","menu_order":0,"mime_type":"image\/jpeg","type":"image","subtype":"jpeg","icon":"https:\/\/www.bednar.com\/wp-includes\/images\/media\/default.png","width":830,"height":470,"sizes":{"thumbnail":"https:\/\/www.bednar.com\/wp-content\/uploads\/produkty\/strigel-pro-pe\/striegel-pro-pe-wide-straw-harrow-crop-residue-distribution-280x185.jpg","thumbnail-width":280,"thumbnail-height":185,"medium":"https:\/\/www.bednar.com\/wp-content\/uploads\/produkty\/strigel-pro-pe\/striegel-pro-pe-wide-straw-harrow-crop-residue-distribution-300x170.jpg","medium-width":"https:\/\/www.bednar.com\/wp-content\/uploads\/2021\/02\/Atlas_AN3000_MG_2592.jpg","medium-height":170,"medium_large":"https:\/\/www.bednar.com\/wp-content\/uploads\/produkty\/strigel-pro-pe\/striegel-pro-pe-wide-straw-harrow-crop-residue-distribution-768x435.jpg","medium_large-width":768,"medium_large-height":435,"large":"https:\/\/www.bednar.com\/wp-content\/uploads\/produkty\/strigel-pro-pe\/striegel-pro-pe-wide-straw-harrow-crop-residue-distribution.jpg","large-width":830,"large-height":470,"1536x1536":"https:\/\/www.bednar.com\/wp-content\/uploads\/produkty\/strigel-pro-pe\/striegel-pro-pe-wide-straw-harrow-crop-residue-distribution.jpg","1536x1536-width":830,"1536x1536-height":470,"2048x2048":"https:\/\/www.bednar.com\/wp-content\/uploads\/produkty\/strigel-pro-pe\/striegel-pro-pe-wide-straw-harrow-crop-residue-distribution.jpg","2048x2048-width":830,"2048x2048-height":470,"header-thumb":"https:\/\/www.bednar.com\/wp-content\/uploads\/produkty\/strigel-pro-pe\/striegel-pro-pe-wide-straw-harrow-crop-residue-distribution.jpg","header-thumb-width":830,"header-thumb-height":470,"section-thumb":"https:\/\/www.bednar.com\/wp-content\/uploads\/produkty\/strigel-pro-pe\/striegel-pro-pe-wide-straw-harrow-crop-residue-distribution.jpg","section-thumb-width":830,"section-thumb-height":470,"news-thumb":"https:\/\/www.bednar.com\/wp-content\/uploads\/produkty\/strigel-pro-pe\/striegel-pro-pe-wide-straw-harrow-crop-residue-distribution-390x315.jpg","news-thumb-width":390,"news-thumb-height":315,"wpcf7-post-image":"https:\/\/www.bednar.com\/wp-content\/uploads\/produkty\/strigel-pro-pe\/striegel-pro-pe-wide-straw-harrow-crop-residue-distribution-80x80.jpg","wpcf7-post-image-width":80,"wpcf7-post-image-height":80}},{"ID":"https:\/\/www.bednar.com\/wp-content\/uploads\/produkty\/strigel-pro-pe\/striegel-pro-pe-wide-straw-harrow-compact-dimensions.jpg","id":"https:\/\/www.bednar.com\/wp-content\/uploads\/produkty\/strigel-pro-pe\/striegel-pro-pe-wide-straw-harrow-compact-dimensions.jpg","title":"striegel-pro pe wide straw harrow compact dimensions","filename":"striegel-pro-pe-wide-straw-harrow-compact-dimensions.jpg","filesize":117286,"url":"https:\/\/www.bednar.com\/wp-content\/uploads\/produkty\/strigel-pro-pe\/striegel-pro-pe-wide-straw-harrow-compact-dimensions.jpg","link":"https:\/\/www.bednar.com\/en\/striegel-pro-pe\/striegel-pro-pe-wide-straw-harrow-compact-dimensions-2\/","alt":"striegel-pro pe wide straw harrow compact dimensions","author":"14","description":"","caption":"","name":"striegel-pro-pe-wide-straw-harrow-compact-dimensions-2","status":"inherit","uploaded_to":321851,"date":"2024-03-05 11:20:14","modified":"2024-03-06 08:15:46","menu_order":0,"mime_type":"image\/jpeg","type":"image","subtype":"jpeg","icon":"https:\/\/www.bednar.com\/wp-includes\/images\/media\/default.png","width":830,"height":470,"sizes":{"thumbnail":"https:\/\/www.bednar.com\/wp-content\/uploads\/produkty\/strigel-pro-pe\/striegel-pro-pe-wide-straw-harrow-compact-dimensions-280x185.jpg","thumbnail-width":280,"thumbnail-height":185,"medium":"https:\/\/www.bednar.com\/wp-content\/uploads\/produkty\/strigel-pro-pe\/striegel-pro-pe-wide-straw-harrow-compact-dimensions-300x170.jpg","medium-width":"https:\/\/www.bednar.com\/wp-content\/uploads\/2021\/02\/Atlas_AN3000_MG_2592.jpg","medium-height":170,"medium_large":"https:\/\/www.bednar.com\/wp-content\/uploads\/produkty\/strigel-pro-pe\/striegel-pro-pe-wide-straw-harrow-compact-dimensions-768x435.jpg","medium_large-width":768,"medium_large-height":435,"large":"https:\/\/www.bednar.com\/wp-content\/uploads\/produkty\/strigel-pro-pe\/striegel-pro-pe-wide-straw-harrow-compact-dimensions.jpg","large-width":830,"large-height":470,"1536x1536":"https:\/\/www.bednar.com\/wp-content\/uploads\/produkty\/strigel-pro-pe\/striegel-pro-pe-wide-straw-harrow-compact-dimensions.jpg","1536x1536-width":830,"1536x1536-height":470,"2048x2048":"https:\/\/www.bednar.com\/wp-content\/uploads\/produkty\/strigel-pro-pe\/striegel-pro-pe-wide-straw-harrow-compact-dimensions.jpg","2048x2048-width":830,"2048x2048-height":470,"header-thumb":"https:\/\/www.bednar.com\/wp-content\/uploads\/produkty\/strigel-pro-pe\/striegel-pro-pe-wide-straw-harrow-compact-dimensions.jpg","header-thumb-width":830,"header-thumb-height":470,"section-thumb":"https:\/\/www.bednar.com\/wp-content\/uploads\/produkty\/strigel-pro-pe\/striegel-pro-pe-wide-straw-harrow-compact-dimensions.jpg","section-thumb-width":830,"section-thumb-height":470,"news-thumb":"https:\/\/www.bednar.com\/wp-content\/uploads\/produkty\/strigel-pro-pe\/striegel-pro-pe-wide-straw-harrow-compact-dimensions-390x315.jpg","news-thumb-width":390,"news-thumb-height":315,"wpcf7-post-image":"https:\/\/www.bednar.com\/wp-content\/uploads\/produkty\/strigel-pro-pe\/striegel-pro-pe-wide-straw-harrow-compact-dimensions-80x80.jpg","wpcf7-post-image-width":80,"wpcf7-post-image-height":80}}]},{"acf_fc_layout":"section-title-anchor","item-title":"Reference a zku\u0161enosti","item-desc":"","disable-section":false},{"acf_fc_layout":"section-news-slider","cat-id":[388],"post-id":false,"disable-slider":false,"slider-count8":false,"slider-noautoplay":false,"disable-section":false},{"acf_fc_layout":"section-title","item-title":"T\u00cdPUSHOZ KAPCSOL\u00d3D\u00d3 KATEG\u00d3RI\u00c1K","item-desc":"","item-mach-par":false},{"acf_fc_layout":"section-related","page-ids":[412079]},{"acf_fc_layout":"section-title","item-title":"KAPCSOLATFELV\u00c9TELI \u0170RLAP","item-desc":"<p>Seg\u00edts\u00e9gre van sz\u00fcks\u00e9ge a v\u00e1laszt\u00e1shoz vagy \u00e9rdekeln\u00e9 valamelyik g\u00e9p bemutat\u00e1sa? L\u00e9pjen vel\u00fcnk kapcsolatba!<\/p>\n","item-mach-par":false},{"acf_fc_layout":"section-contact-form","contact-form":null}],"nav-main-cat":357154,"nav-sub-cat":410565,"_aviaLayoutBuilderCleanData":"","page-type":"other","pageGroup":"polni brany","post-new-website":false,"pozadovana_hloubka_zpracovani_pudy_icon":"https:\/\/www.bednar.com\/wp-content\/themes\/bednar.com\/img\/icon-hlouka-zaberu.svg","pozadovany_pracovni_zaber_icon":"https:\/\/www.bednar.com\/wp-content\/themes\/bednar.com\/img\/icon-sirka-zaberu.svg","vykon_tazneho_prostredku_icon":"https:\/\/www.bednar.com\/wp-content\/themes\/bednar.com\/img\/icon-vykon-prostredku.svg","pozadovany_objem_zasobniku_icon":"https:\/\/www.bednar.com\/wp-content\/themes\/bednar.com\/img\/icon-objem-zasobniku.svg"},"_links":{"self":[{"href":"https:\/\/www.bednar.com\/en\/wp-json\/wp\/v2\/produkt\/412099","targetHints":{"allow":["GET"]}}],"collection":[{"href":"https:\/\/www.bednar.com\/en\/wp-json\/wp\/v2\/produkt"}],"about":[{"href":"https:\/\/www.bednar.com\/en\/wp-json\/wp\/v2\/types\/produkt"}],"version-history":[{"count":2,"href":"https:\/\/www.bednar.com\/en\/wp-json\/wp\/v2\/produkt\/412099\/revisions"}],"predecessor-version":[{"id":631481,"href":"https:\/\/www.bednar.com\/en\/wp-json\/wp\/v2\/produkt\/412099\/revisions\/631481"}],"acf:post":[{"embeddable":true,"href":"https:\/\/www.bednar.com\/en\/wp-json\/wp\/v2\/pages\/410565"},{"embeddable":true,"href":"https:\/\/www.bednar.com\/en\/wp-json\/wp\/v2\/pages\/357154"}],"wp:featuredmedia":[{"embeddable":true,"href":"https:\/\/www.bednar.com\/en\/wp-json\/wp\/v2\/media\/405321"}],"wp:attachment":[{"href":"https:\/\/www.bednar.com\/en\/wp-json\/wp\/v2\/media?parent=412099"}],"curies":[{"name":"wp","href":"https:\/\/api.w.org\/{rel}","templated":true}]}}